{"id":4975,"date":"2023-08-03T22:28:09","date_gmt":"2023-08-03T22:28:09","guid":{"rendered":"https:\/\/www.catraia.pt\/bio\/claudio-nascimento\/"},"modified":"2024-08-06T19:26:14","modified_gmt":"2024-08-06T19:26:14","slug":"claudio-nascimento","status":"publish","type":"bios","link":"https:\/\/www.catraia.pt\/en\/bio\/claudio-nascimento\/","title":{"rendered":"Cl\u00e1udio Nascimento"},"content":{"rendered":"<p>Ant\u00f4nio Cl\u00e1udio do Nascimento Silva, \u201cCl\u00e1udio Nascimento\u201d, \u00e9 m\u00fasico e brasileiro, toca \u00e9 Guitarra e Baixo. Traz consigo uma rica experi\u00eancia musical, desde a sua forma\u00e7\u00e3o no Conservat\u00f3rio Pernambucano de m\u00fasica, depois forma-se em Licenciatura em m\u00fasica na UFPE e \u00e9 Aluno da FCSH \u2014 Nova de Lisboa. Trabalhou como m\u00fasico, arranjador e produtor musical com diversos artistas, gravou de v\u00e1rios \u00e1lbuns e acompanhou grandes nomes da MPB   pelo Brasil e pelo mundo, tais como: Elza Soares, Faf\u00e1 de Bel\u00e9m e Antonio N\u00f3brega entre outros, como acad\u00e9mico foi investigador no projeto \u201cMapeamento do Samba em Pernambuco\u201d publicado em 2021. Atualmente, reside em Lisboa, foi investigador do projeto \u201cSound of Tourim\u201d de (2020 \u00e0 2022) e continua a atuar como m\u00fasico nos projetos das cantoras: \u00c1kila a.k.a Puta da Silva \u00e9 baixista e diretor musical, tamb\u00e9m trabalha com Madu, Vit\u00f3ria Farias, Aida Rosa e pertence ao Tangar\u00e1 Duo com o clarinetista e cantor Gu Juventino.<\/p>\n","protected":false},"excerpt":{"rendered":"<p>Ant\u00f4nio Cl\u00e1udio do Nascimento Silva, \u201cCl\u00e1udio Nascimento\u201d, \u00e9 m\u00fasico e brasileiro, toca \u00e9 Guitarra e Baixo. Traz consigo uma rica experi\u00eancia musical, desde a sua forma\u00e7\u00e3o no Conservat\u00f3rio Pernambucano de m\u00fasica, depois forma-se em Licenciatura em m\u00fasica na UFPE e \u00e9 Aluno da FCSH \u2014 Nova de Lisboa. Trabalhou como m\u00fasico, arranjador e produtor musical [&hellip;]<\/p>\n","protected":false},"featured_media":0,"template":"","meta":{"inline_featured_image":false,"logo":""},"class_list":["post-4975","bios","type-bios","status-publish","hentry"],"yoast_head":"<!-- This site is optimized with the Yoast SEO Premium plugin v24.7 (Yoast SEO v24.7) - https:\/\/yoast.com\/wordpress\/plugins\/seo\/ -->\n<title>Cl\u00e1udio Nascimento - CATRAIA<\/title>\n<meta name=\"robots\" content=\"index, follow, max-snippet:-1, max-image-preview:large, max-video-preview:-1\" \/>\n<link rel=\"canonical\" href=\"https:\/\/www.catraia.pt\/en\/bio\/claudio-nascimento\/\" \/>\n<meta property=\"og:locale\" content=\"en_US\" \/>\n<meta property=\"og:type\" content=\"article\" \/>\n<meta property=\"og:title\" content=\"Cl\u00e1udio Nascimento\" \/>\n<meta property=\"og:description\" content=\"Ant\u00f4nio Cl\u00e1udio do Nascimento Silva, \u201cCl\u00e1udio Nascimento\u201d, \u00e9 m\u00fasico e brasileiro, toca \u00e9 Guitarra e Baixo. Traz consigo uma rica experi\u00eancia musical, desde a sua forma\u00e7\u00e3o no Conservat\u00f3rio Pernambucano de m\u00fasica, depois forma-se em Licenciatura em m\u00fasica na UFPE e \u00e9 Aluno da FCSH \u2014 Nova de Lisboa. Trabalhou como m\u00fasico, arranjador e produtor musical [&hellip;]\" \/>\n<meta property=\"og:url\" content=\"https:\/\/www.catraia.pt\/en\/bio\/claudio-nascimento\/\" \/>\n<meta property=\"og:site_name\" content=\"CATRAIA\" \/>\n<meta property=\"article:modified_time\" content=\"2024-08-06T19:26:14+00:00\" \/>\n<meta name=\"twitter:card\" content=\"summary_large_image\" \/>\n<script type=\"application\/ld+json\" class=\"yoast-schema-graph\">{\"@context\":\"https:\/\/schema.org\",\"@graph\":[{\"@type\":\"WebPage\",\"@id\":\"https:\/\/www.catraia.pt\/bio\/claudio-nascimento\/\",\"url\":\"https:\/\/www.catraia.pt\/bio\/claudio-nascimento\/\",\"name\":\"Cl\u00e1udio Nascimento - CATRAIA\",\"isPartOf\":{\"@id\":\"https:\/\/www.catraia.pt\/#website\"},\"datePublished\":\"2023-08-03T22:28:09+00:00\",\"dateModified\":\"2024-08-06T19:26:14+00:00\",\"breadcrumb\":{\"@id\":\"https:\/\/www.catraia.pt\/bio\/claudio-nascimento\/#breadcrumb\"},\"inLanguage\":\"en-US\",\"potentialAction\":[{\"@type\":\"ReadAction\",\"target\":[\"https:\/\/www.catraia.pt\/bio\/claudio-nascimento\/\"]}]},{\"@type\":\"BreadcrumbList\",\"@id\":\"https:\/\/www.catraia.pt\/bio\/claudio-nascimento\/#breadcrumb\",\"itemListElement\":[{\"@type\":\"ListItem\",\"position\":1,\"name\":\"In\u00edcio\",\"item\":\"https:\/\/www.catraia.pt\/\"},{\"@type\":\"ListItem\",\"position\":2,\"name\":\"Cl\u00e1udio Nascimento\"}]},{\"@type\":\"WebSite\",\"@id\":\"https:\/\/www.catraia.pt\/#website\",\"url\":\"https:\/\/www.catraia.pt\/\",\"name\":\"CATRAIA\",\"description\":\"A MAR\u00c9 DE ARTE SUSTENT\u00c1VEL\",\"publisher\":{\"@id\":\"https:\/\/www.catraia.pt\/#organization\"},\"potentialAction\":[{\"@type\":\"SearchAction\",\"target\":{\"@type\":\"EntryPoint\",\"urlTemplate\":\"https:\/\/www.catraia.pt\/?s={search_term_string}\"},\"query-input\":{\"@type\":\"PropertyValueSpecification\",\"valueRequired\":true,\"valueName\":\"search_term_string\"}}],\"inLanguage\":\"en-US\"},{\"@type\":\"Organization\",\"@id\":\"https:\/\/www.catraia.pt\/#organization\",\"name\":\"CATRAIA\",\"url\":\"https:\/\/www.catraia.pt\/\",\"logo\":{\"@type\":\"ImageObject\",\"inLanguage\":\"en-US\",\"@id\":\"https:\/\/www.catraia.pt\/#\/schema\/logo\/image\/\",\"url\":\"https:\/\/www.catraia.pt\/wp-content\/uploads\/2023\/03\/Group.svg\",\"contentUrl\":\"https:\/\/www.catraia.pt\/wp-content\/uploads\/2023\/03\/Group.svg\",\"width\":205,\"height\":46,\"caption\":\"CATRAIA\"},\"image\":{\"@id\":\"https:\/\/www.catraia.pt\/#\/schema\/logo\/image\/\"}}]}<\/script>\n<!-- \/ Yoast SEO Premium plugin. -->","yoast_head_json":{"title":"Cl\u00e1udio Nascimento - CATRAIA","robots":{"index":"index","follow":"follow","max-snippet":"max-snippet:-1","max-image-preview":"max-image-preview:large","max-video-preview":"max-video-preview:-1"},"canonical":"https:\/\/www.catraia.pt\/en\/bio\/claudio-nascimento\/","og_locale":"en_US","og_type":"article","og_title":"Cl\u00e1udio Nascimento","og_description":"Ant\u00f4nio Cl\u00e1udio do Nascimento Silva, \u201cCl\u00e1udio Nascimento\u201d, \u00e9 m\u00fasico e brasileiro, toca \u00e9 Guitarra e Baixo. Traz consigo uma rica experi\u00eancia musical, desde a sua forma\u00e7\u00e3o no Conservat\u00f3rio Pernambucano de m\u00fasica, depois forma-se em Licenciatura em m\u00fasica na UFPE e \u00e9 Aluno da FCSH \u2014 Nova de Lisboa. Trabalhou como m\u00fasico, arranjador e produtor musical [&hellip;]","og_url":"https:\/\/www.catraia.pt\/en\/bio\/claudio-nascimento\/","og_site_name":"CATRAIA","article_modified_time":"2024-08-06T19:26:14+00:00","twitter_card":"summary_large_image","schema":{"@context":"https:\/\/schema.org","@graph":[{"@type":"WebPage","@id":"https:\/\/www.catraia.pt\/bio\/claudio-nascimento\/","url":"https:\/\/www.catraia.pt\/bio\/claudio-nascimento\/","name":"Cl\u00e1udio Nascimento - CATRAIA","isPartOf":{"@id":"https:\/\/www.catraia.pt\/#website"},"datePublished":"2023-08-03T22:28:09+00:00","dateModified":"2024-08-06T19:26:14+00:00","breadcrumb":{"@id":"https:\/\/www.catraia.pt\/bio\/claudio-nascimento\/#breadcrumb"},"inLanguage":"en-US","potentialAction":[{"@type":"ReadAction","target":["https:\/\/www.catraia.pt\/bio\/claudio-nascimento\/"]}]},{"@type":"BreadcrumbList","@id":"https:\/\/www.catraia.pt\/bio\/claudio-nascimento\/#breadcrumb","itemListElement":[{"@type":"ListItem","position":1,"name":"In\u00edcio","item":"https:\/\/www.catraia.pt\/"},{"@type":"ListItem","position":2,"name":"Cl\u00e1udio Nascimento"}]},{"@type":"WebSite","@id":"https:\/\/www.catraia.pt\/#website","url":"https:\/\/www.catraia.pt\/","name":"CATRAIA","description":"A MAR\u00c9 DE ARTE SUSTENT\u00c1VEL","publisher":{"@id":"https:\/\/www.catraia.pt\/#organization"},"potentialAction":[{"@type":"SearchAction","target":{"@type":"EntryPoint","urlTemplate":"https:\/\/www.catraia.pt\/?s={search_term_string}"},"query-input":{"@type":"PropertyValueSpecification","valueRequired":true,"valueName":"search_term_string"}}],"inLanguage":"en-US"},{"@type":"Organization","@id":"https:\/\/www.catraia.pt\/#organization","name":"CATRAIA","url":"https:\/\/www.catraia.pt\/","logo":{"@type":"ImageObject","inLanguage":"en-US","@id":"https:\/\/www.catraia.pt\/#\/schema\/logo\/image\/","url":"https:\/\/www.catraia.pt\/wp-content\/uploads\/2023\/03\/Group.svg","contentUrl":"https:\/\/www.catraia.pt\/wp-content\/uploads\/2023\/03\/Group.svg","width":205,"height":46,"caption":"CATRAIA"},"image":{"@id":"https:\/\/www.catraia.pt\/#\/schema\/logo\/image\/"}}]}},"_links":{"self":[{"href":"https:\/\/www.catraia.pt\/en\/wp-json\/wp\/v2\/bios\/4975","targetHints":{"allow":["GET"]}}],"collection":[{"href":"https:\/\/www.catraia.pt\/en\/wp-json\/wp\/v2\/bios"}],"about":[{"href":"https:\/\/www.catraia.pt\/en\/wp-json\/wp\/v2\/types\/bios"}],"version-history":[{"count":1,"href":"https:\/\/www.catraia.pt\/en\/wp-json\/wp\/v2\/bios\/4975\/revisions"}],"predecessor-version":[{"id":9456,"href":"https:\/\/www.catraia.pt\/en\/wp-json\/wp\/v2\/bios\/4975\/revisions\/9456"}],"wp:attachment":[{"href":"https:\/\/www.catraia.pt\/en\/wp-json\/wp\/v2\/media?parent=4975"}],"curies":[{"name":"wp","href":"https:\/\/api.w.org\/{rel}","templated":true}]}}