{"id":10978,"date":"2024-08-17T03:00:02","date_gmt":"2024-08-17T03:00:02","guid":{"rendered":"https:\/\/www.catraia.pt\/?page_id=10978"},"modified":"2025-07-31T03:13:13","modified_gmt":"2025-07-31T03:13:13","slug":"praia-da-tocha","status":"publish","type":"page","link":"https:\/\/www.catraia.pt\/en\/praia-da-tocha\/","title":{"rendered":"Praia da Tocha"},"content":{"rendered":"<div data-elementor-type=\"wp-page\" data-elementor-id=\"10978\" class=\"elementor elementor-10978\" data-elementor-post-type=\"page\">\n\t\t\t\t<div class=\"elementor-element elementor-element-c9056e2 e-con-full e-flex e-con e-parent\" data-id=\"c9056e2\" data-element_type=\"container\" data-settings=\"{&quot;background_background&quot;:&quot;classic&quot;}\">\n\t\t\t\t<div class=\"elementor-element elementor-element-43edca1 jet-nav-mobile-align-center jet-nav-align-flex-start elementor-widget elementor-widget-jet-nav-menu\" data-id=\"43edca1\" data-element_type=\"widget\" data-widget_type=\"jet-nav-menu.default\">\n\t\t\t\t<div class=\"elementor-widget-container\">\n\t\t\t\t\t<nav class=\"jet-nav-wrap m-layout-mobile\"><div class=\"menu-subcont-container\"><div class=\"jet-nav m-layout-mobile jet-nav--horizontal\"><div class=\"menu-item menu-item-type-post_type menu-item-object-page jet-nav__item-12495 jet-nav__item\"><a href=\"https:\/\/www.catraia.pt\/en\/contactos\/\" class=\"menu-item-link menu-item-link-depth-0 menu-item-link-top\"><span class=\"jet-nav-link-text\">Contact Info<\/span><\/a><\/div>\n<div class=\"menu-item menu-item-type-post_type menu-item-object-page jet-nav__item-12496 jet-nav__item\"><a href=\"https:\/\/www.catraia.pt\/en\/praia-da-tocha\/\" class=\"menu-item-link menu-item-link-depth-0 menu-item-link-top\"><span class=\"jet-nav-link-text\">Praia da Tocha<\/span><\/a><\/div>\n<div class=\"menu-item menu-item-type-post_type menu-item-object-page jet-nav__item-12497 jet-nav__item\"><a href=\"https:\/\/www.catraia.pt\/en\/como-chegar\/\" class=\"menu-item-link menu-item-link-depth-0 menu-item-link-top\"><span class=\"jet-nav-link-text\">Como chegar<\/span><\/a><\/div>\n<\/div><\/div><\/nav>\t\t\t\t<\/div>\n\t\t\t\t<\/div>\n\t\t\t\t<\/div>\n\t\t<div class=\"elementor-element elementor-element-2390671 e-con-full e-flex e-con e-parent\" data-id=\"2390671\" data-element_type=\"container\" data-settings=\"{&quot;background_background&quot;:&quot;classic&quot;}\">\n\t\t\t\t<div class=\"elementor-element elementor-element-1ee4cde elementor-widget elementor-widget-heading\" data-id=\"1ee4cde\" data-element_type=\"widget\" data-widget_type=\"heading.default\">\n\t\t\t\t<div class=\"elementor-widget-container\">\n\t\t\t\t\t<h1 class=\"elementor-heading-title elementor-size-default\">Praia da Tocha<\/h1>\t\t\t\t<\/div>\n\t\t\t\t<\/div>\n\t\t<div class=\"elementor-element elementor-element-793db34 e-con-full e-flex e-con e-child\" data-id=\"793db34\" data-element_type=\"container\">\n\t\t\t\t<div class=\"elementor-element elementor-element-b97669c elementor-widget elementor-widget-shortcode\" data-id=\"b97669c\" data-element_type=\"widget\" data-widget_type=\"shortcode.default\">\n\t\t\t\t<div class=\"elementor-widget-container\">\n\t\t\t\t\t\t\t<div class=\"elementor-shortcode\"><div id=\"mapplic-id1814\" data-mapdata=\"{&quot;mapwidth&quot;:&quot;3256&quot;,&quot;mapheight&quot;:&quot;1741&quot;,&quot;action&quot;:&quot;tooltip&quot;,&quot;maxscale&quot;:&quot;3&quot;,&quot;zoommargin&quot;:&quot;100&quot;,&quot;basecolor&quot;:&quot;#ffc857&quot;,&quot;bgcolor&quot;:&quot;rgba(33,41,104,0.88)&quot;,&quot;bgcolor2&quot;:&quot;#ffc857&quot;,&quot;headingcolor&quot;:&quot;#ffc857&quot;,&quot;textcolor&quot;:&quot;#8d6b94&quot;,&quot;accentcolor&quot;:&quot;#e5d200&quot;,&quot;customcss&quot;:&quot;.mapplic-sidebar .mapplic-dir-item h4{\\n\\tfont-size: 36px !important;\\n\\tline-height: 50px !important;\\n\\tfont-weight: 700 !important;\\n}\\n\\n.mapplic-legend {\\n    background-color: #ffc857;\\n    padding: 36px;\\n\\tcolor: rgba(33,41,104,1);\\n}\\n\\n.mapplic-toggle {\\n\\tmargin: 20px 0;\\n  display: flex;\\n  align-items: center;\\n\\tmin-height: 35px;\\n}\\n.mapplic-sidebar-nosearch .mapplic-list-container {\\n    top: 0px;\\n    padding: 70px 20px 30px 20px;\\n}\\n.mapplic-list-container .mapplic-dir-item a:hover h4,\\n.mapplic-sidebar .mapplic-dir-item.mapplic-active a:hover h4,\\n.mapplic-sidebar .mapplic-dir-item.mapplic-active &gt; a &gt; h4{\\n  color: rgba(33, 41, 104, 0.88) !important;\\n}\\n\\n.mapplic-tooltip-title {\\n    display: inline-block;\\n    font-size: 30px !important;\\n    font-weight: bold !important;\\n    line-height: 42px;\\n    margin: 14px 0px 3px 0 !important;\\n\\n}\\n\\n.mapplic-legend-label {\\n    font-size: 24px;\\n\\tmargin: 0px 0px 0px 12px;\\n\\tfont-weight: 200;\\n}\\n\\n.mapplic-toggle &gt; input:checked + span {\\n    transform: scale(1.5);\\n}\\n\\n.mapplic-toggle &gt; .mapplic-toggle-circle{\\n\\ttop: 10px;\\n}\\n\\n.mapplic-toggle:before{\\n\\ttop:9px;\\n}\\n\\n.mapplic-tooltip \\n.mapplic-tooltip .applic-tooltip-description {\\n    padding: 7px 0px 0px 7px;\\n} \\n.mapplic-tooltip .mapplic-tooltip-body {\\n    padding: 0px 30px 0px 30px;\\n}\\n.mapplic-tooltip.mapplic-hovertip .mapplic-tooltip-wrap {\\n    padding: 24px 30px 24px 30px;\\n}\\n\\n.mapplic-tooltip.mapplic-hovertip .mapplic-tooltip-description {\\n\\tpadding: 10px 0px 0px 0px;\\n}&quot;,&quot;fullscreen&quot;:false,&quot;hovertip&quot;:false,&quot;hovertipdesc&quot;:false,&quot;smartip&quot;:true,&quot;deeplinking&quot;:true,&quot;linknewtab&quot;:false,&quot;minimap&quot;:false,&quot;animations&quot;:false,&quot;zoom&quot;:true,&quot;zoombuttons&quot;:false,&quot;clearbutton&quot;:false,&quot;zoomoutclose&quot;:false,&quot;closezoomout&quot;:false,&quot;mousewheel&quot;:false,&quot;mapfill&quot;:false,&quot;sidebar&quot;:false,&quot;search&quot;:false,&quot;searchdescription&quot;:false,&quot;alphabetic&quot;:false,&quot;thumbholder&quot;:false,&quot;sidebartoggle&quot;:false,&quot;filtersopened&quot;:false,&quot;highlight&quot;:false,&quot;topLat&quot;:&quot;-8.840269&quot;,&quot;leftLng&quot;:&quot;40.328775&quot;,&quot;levels&quot;:[{&quot;id&quot;:&quot;praia-da-tocha&quot;,&quot;title&quot;:&quot;Praia&quot;,&quot;map&quot;:&quot;\\\/\\\/www.catraia.pt\\\/wp-content\\\/uploads\\\/2023\\\/06\\\/bg_praia_google.png&quot;,&quot;minimap&quot;:&quot;&quot;}],&quot;styles&quot;:[],&quot;categories&quot;:[{&quot;title&quot;:&quot;LOCAIS&quot;,&quot;id&quot;:&quot;locais&quot;,&quot;about&quot;:&quot;&quot;,&quot;icon&quot;:&quot;&quot;,&quot;legend&quot;:&quot;true&quot;,&quot;toggle&quot;:&quot;true&quot;,&quot;color&quot;:&quot;#e16a3c&quot;},{&quot;title&quot;:&quot;PROGRAMA\\u00c7\\u00c3O&quot;,&quot;id&quot;:&quot;programa&quot;,&quot;about&quot;:&quot;&quot;,&quot;icon&quot;:&quot;&quot;,&quot;legend&quot;:&quot;true&quot;,&quot;toggle&quot;:&quot;true&quot;,&quot;color&quot;:&quot;#e16a3c&quot;},{&quot;title&quot;:&quot;ESTACIONAMENTOS&quot;,&quot;id&quot;:&quot;estacionamentos&quot;,&quot;about&quot;:&quot;&quot;,&quot;icon&quot;:&quot;&quot;,&quot;legend&quot;:&quot;true&quot;,&quot;toggle&quot;:&quot;true&quot;,&quot;switchoff&quot;:&quot;true&quot;,&quot;color&quot;:&quot;#2253a0&quot;},{&quot;title&quot;:&quot;WC&quot;,&quot;id&quot;:&quot;wc&quot;,&quot;about&quot;:&quot;&quot;,&quot;icon&quot;:&quot;&quot;,&quot;legend&quot;:&quot;true&quot;,&quot;toggle&quot;:&quot;true&quot;,&quot;switchoff&quot;:&quot;true&quot;,&quot;color&quot;:&quot;#489b5a&quot;},{&quot;title&quot;:&quot;MULTIBANCO&quot;,&quot;id&quot;:&quot;mb&quot;,&quot;about&quot;:&quot;&quot;,&quot;icon&quot;:&quot;https:\\\/\\\/www.catraia.pt\\\/wp-content\\\/uploads\\\/2024\\\/08\\\/Logo_Multibanco.svg&quot;,&quot;legend&quot;:&quot;true&quot;,&quot;toggle&quot;:&quot;true&quot;,&quot;switchoff&quot;:&quot;true&quot;,&quot;color&quot;:&quot;#2253a0&quot;}],&quot;locations&quot;:[{&quot;id&quot;:&quot;init&quot;,&quot;pin&quot;:&quot;hidden&quot;,&quot;action&quot;:&quot;default&quot;,&quot;zoom&quot;:&quot;0.95&quot;,&quot;x&quot;:&quot;0.5408&quot;,&quot;y&quot;:&quot;0.4849&quot;,&quot;level&quot;:&quot;praia-da-tocha&quot;,&quot;category&quot;:&quot;concertos,performances,desporto,workshops,talks,cinema&quot;,&quot;color&quot;:&quot;#ec6078&quot;},{&quot;title&quot;:&quot;Largo da Fonte&quot;,&quot;id&quot;:&quot;largofonte&quot;,&quot;description&quot;:&quot;&lt;p&gt;&lt;span style=\\&quot;color: #ffffff;\\&quot;&gt;&lt;a style=\\&quot;color: #ffffff;\\&quot; href=\\&quot;https:\\\/\\\/www.catraia.pt\\\/programa\\\/dani-rivera\\\/\\&quot;&gt;Dani Rivera&lt;\\\/a&gt;,\\u00a0&lt;a style=\\&quot;color: #ffffff;\\&quot; href=\\&quot;https:\\\/\\\/www.catraia.pt\\\/programa\\\/ecos-a-beira-mar\\\/\\&quot;&gt;\\u201cEco(s) \\u00e0 beira mar\\u201d&lt;\\\/a&gt;,\\u00a0&lt;a style=\\&quot;color: #ffffff;\\&quot; href=\\&quot;https:\\\/\\\/www.catraia.pt\\\/programa\\\/o-lavrador\\\/\\&quot;&gt;\\u201cO lavrador\\u201d&lt;\\\/a&gt;,\\u00a0&lt;a style=\\&quot;color: #ffffff;\\&quot; href=\\&quot;https:\\\/\\\/www.catraia.pt\\\/programa\\\/jardim-vertical-2\\\/\\&quot;&gt;Jardim Vertical&lt;\\\/a&gt;,\\u00a0&lt;a style=\\&quot;color: #ffffff;\\&quot; href=\\&quot;https:\\\/\\\/www.catraia.pt\\\/programa\\\/a-baleia-a-caravela-portuguesa\\\/\\&quot;&gt;\\u201cA baleia\\u201d &amp;amp; \\u201cA Caravela portuguesa\\u201d&lt;\\\/a&gt;,\\u00a0&lt;a style=\\&quot;color: #ffffff;\\&quot; href=\\&quot;https:\\\/\\\/www.catraia.pt\\\/programa\\\/poe-um-pe-na-tradicao\\\/\\&quot;&gt;P\\u00f5e um p\\u00e9 na tradi\\u00e7\\u00e3o&lt;\\\/a&gt;,\\u00a0&lt;a style=\\&quot;color: #ffffff;\\&quot; href=\\&quot;https:\\\/\\\/www.catraia.pt\\\/programa\\\/disconaia\\\/\\&quot;&gt;Disconaia&lt;\\\/a&gt;,\\u00a0&lt;a style=\\&quot;color: #ffffff;\\&quot; href=\\&quot;https:\\\/\\\/www.catraia.pt\\\/programa\\\/la-tremenda-sonora\\\/\\&quot;&gt;La Tremenda Sonora&lt;\\\/a&gt;,\\u00a0&lt;a style=\\&quot;color: #ffffff;\\&quot; href=\\&quot;https:\\\/\\\/www.catraia.pt\\\/programa\\\/madu\\\/\\&quot;&gt;Madu&lt;\\\/a&gt;,\\u00a0&lt;a style=\\&quot;color: #ffffff;\\&quot; href=\\&quot;https:\\\/\\\/www.catraia.pt\\\/programa\\\/jose-pinhal-post-mortem-experience\\\/\\&quot;&gt;Jos\\u00e9 Pinhal Post-Mortem Experience&lt;\\\/a&gt;,\\u00a0&lt;a style=\\&quot;color: #ffffff;\\&quot; href=\\&quot;https:\\\/\\\/www.catraia.pt\\\/programa\\\/miranda-trio\\\/\\&quot;&gt;Miranda Trio&lt;\\\/a&gt;,\\u00a0&lt;a style=\\&quot;color: #ffffff;\\&quot; href=\\&quot;https:\\\/\\\/www.catraia.pt\\\/programa\\\/pas-de-probleme\\\/\\&quot;&gt;P\\u00e1s de Probl\\u00e8me&lt;\\\/a&gt;,\\u00a0&lt;a style=\\&quot;color: #ffffff;\\&quot; href=\\&quot;https:\\\/\\\/www.catraia.pt\\\/programa\\\/wakadelics\\\/\\&quot;&gt;Wakadelics&lt;\\\/a&gt;sta 1&lt;\\\/span&gt;&lt;br \\\/&gt;&lt;span style=\\&quot;color: #ffffff;\\&quot;&gt;Artista 2&lt;\\\/span&gt;&lt;br \\\/&gt;&lt;span style=\\&quot;color: #ffffff;\\&quot;&gt;Artista 3&lt;\\\/span&gt;&lt;br \\\/&gt;&lt;span style=\\&quot;color: #ffffff;\\&quot;&gt;Artista 4&lt;\\\/span&gt;&lt;br \\\/&gt;&lt;span style=\\&quot;color: #ffffff;\\&quot;&gt;Artista 5&lt;\\\/span&gt;&lt;br \\\/&gt;&lt;span style=\\&quot;color: #ffffff;\\&quot;&gt;Artista 6&lt;\\\/span&gt;&lt;\\\/p&gt;&quot;,&quot;pin&quot;:&quot;pin-ribbon pin-label&quot;,&quot;action&quot;:&quot;default&quot;,&quot;zoom&quot;:&quot;0.8&quot;,&quot;x&quot;:&quot;0.5395&quot;,&quot;y&quot;:&quot;0.4843&quot;,&quot;level&quot;:&quot;praia-da-tocha&quot;,&quot;color&quot;:&quot;#e16a3c&quot;,&quot;label&quot;:&quot;LARGO DA FONTE&quot;,&quot;fill&quot;:&quot;#e16a3c&quot;},{&quot;title&quot;:&quot;Biblioteca&quot;,&quot;id&quot;:&quot;biblioteca&quot;,&quot;pin&quot;:&quot;pin-ribbon pin-label&quot;,&quot;action&quot;:&quot;default&quot;,&quot;zoom&quot;:&quot;1&quot;,&quot;x&quot;:&quot;0.4972&quot;,&quot;y&quot;:&quot;0.4692&quot;,&quot;level&quot;:&quot;praia-da-tocha&quot;,&quot;color&quot;:&quot;#d89fc2&quot;,&quot;description&quot;:&quot;&lt;p&gt;&lt;span style=\\&quot;color: #ffffff;\\&quot;&gt;&lt;a style=\\&quot;color: #ffffff;\\&quot; href=\\&quot;https:\\\/\\\/www.catraia.pt\\\/programa\\\/arte-vilamar\\\/\\&quot;&gt;Arte VilaMar&lt;\\\/a&gt;,\\u00a0&lt;a style=\\&quot;color: #ffffff;\\&quot; href=\\&quot;https:\\\/\\\/www.catraia.pt\\\/programa\\\/faz-a-tua-banda-desenhada\\\/\\&quot;&gt;Faz a tua Banda Desenhada&lt;\\\/a&gt;&lt;\\\/span&gt;&lt;\\\/p&gt;&quot;,&quot;label&quot;:&quot;BIBLIOTECA&quot;,&quot;fill&quot;:&quot;#d89fc2&quot;,&quot;category&quot;:&quot;programa,locais&quot;},{&quot;title&quot;:&quot;AMPT&quot;,&quot;id&quot;:&quot;ampt&quot;,&quot;pin&quot;:&quot;pin-ribbon pin-label&quot;,&quot;fill&quot;:&quot;#e2bd70&quot;,&quot;category&quot;:&quot;locais&quot;,&quot;action&quot;:&quot;default&quot;,&quot;zoom&quot;:&quot;0.8&quot;,&quot;x&quot;:&quot;0.6061&quot;,&quot;y&quot;:&quot;0.5357&quot;,&quot;level&quot;:&quot;praia-da-tocha&quot;,&quot;color&quot;:&quot;#e2bd70&quot;,&quot;description&quot;:&quot;&lt;p&gt;&lt;a href=\\&quot;https:\\\/\\\/www.catraia.pt\\\/programa\\\/plasticos-configurados\\\/\\&quot;&gt;\\u201cPl\\u00e1sticos configurados\\u201d&lt;\\\/a&gt;,\\u00a0&lt;a href=\\&quot;https:\\\/\\\/www.catraia.pt\\\/programa\\\/yoga-para-bebes\\\/\\&quot;&gt;Yoga para beb\\u00e9s&lt;\\\/a&gt;&lt;\\\/p&gt;&quot;,&quot;label&quot;:&quot;AMPT&quot;},{&quot;title&quot;:&quot;Jardim AMPT&quot;,&quot;id&quot;:&quot;jardimampt&quot;,&quot;pin&quot;:&quot;pin-ribbon pin-label&quot;,&quot;fill&quot;:&quot;#489b5a&quot;,&quot;action&quot;:&quot;default&quot;,&quot;zoom&quot;:&quot;0.8&quot;,&quot;hide&quot;:true,&quot;x&quot;:&quot;0.5954&quot;,&quot;y&quot;:&quot;0.5508&quot;,&quot;level&quot;:&quot;praia-da-tocha&quot;,&quot;color&quot;:&quot;#489b5a&quot;,&quot;description&quot;:&quot;&lt;p&gt;&lt;span style=\\&quot;color: #ffffff;\\&quot;&gt;&lt;a style=\\&quot;color: #ffffff;\\&quot; href=\\&quot;https:\\\/\\\/www.catraia.pt\\\/programa\\\/o-lixo-dos-outros\\\/\\&quot;&gt;O lixo dos outros&lt;\\\/a&gt;,\\u00a0&lt;a style=\\&quot;color: #ffffff;\\&quot; href=\\&quot;https:\\\/\\\/www.catraia.pt\\\/programa\\\/mao-na-massa-2\\\/\\&quot;&gt;M\\u00e3o na massa&lt;\\\/a&gt;,\\u00a0&lt;a style=\\&quot;color: #ffffff;\\&quot; href=\\&quot;https:\\\/\\\/www.catraia.pt\\\/?post_type=eventos&amp;amp;p=9438\\&quot;&gt;Bordado tradicional&lt;\\\/a&gt;,\\u00a0&lt;a style=\\&quot;color: #ffffff;\\&quot; href=\\&quot;https:\\\/\\\/www.catraia.pt\\\/programa\\\/se-eu-fosse\\\/\\&quot;&gt;\\u201cSe eu fosse\\u2026\\u201d&lt;\\\/a&gt;,\\u00a0&lt;a style=\\&quot;color: #ffffff;\\&quot; href=\\&quot;https:\\\/\\\/www.catraia.pt\\\/programa\\\/lixo-de-uns-tesouro-de-outros\\\/\\&quot;&gt;Lixo de uns, Tesouro de outros&lt;\\\/a&gt;&lt;\\\/span&gt;&lt;\\\/p&gt;&quot;,&quot;label&quot;:&quot;JARDIM AMPT&quot;,&quot;category&quot;:&quot;programa&quot;},{&quot;title&quot;:&quot;Rua dos Pescadores&quot;,&quot;id&quot;:&quot;rpescadores&quot;,&quot;pin&quot;:&quot;pin-ribbon pin-label&quot;,&quot;action&quot;:&quot;default&quot;,&quot;zoom&quot;:&quot;0.95&quot;,&quot;x&quot;:&quot;0.5427&quot;,&quot;y&quot;:&quot;0.5037&quot;,&quot;level&quot;:&quot;praia-da-tocha&quot;,&quot;color&quot;:&quot;#e16a3c&quot;,&quot;description&quot;:&quot;&lt;p&gt;&lt;span style=\\&quot;color: #ffffff;\\&quot;&gt;&lt;a style=\\&quot;color: #ffffff;\\&quot; href=\\&quot;https:\\\/\\\/www.catraia.pt\\\/programa\\\/feira-da-troca-2\\\/\\&quot;&gt;Feira da Troca&lt;\\\/a&gt;,\\u00a0&lt;a style=\\&quot;color: #ffffff;\\&quot; href=\\&quot;https:\\\/\\\/www.catraia.pt\\\/programa\\\/pintura-ao-vivo\\\/\\&quot;&gt;Pintura ao vivo&lt;\\\/a&gt;,\\u00a0&lt;a style=\\&quot;color: #ffffff;\\&quot; href=\\&quot;https:\\\/\\\/www.catraia.pt\\\/programa\\\/jogos-do-helder-2\\\/\\&quot;&gt;Jogos do H\\u00e9lder&lt;\\\/a&gt;&lt;\\\/span&gt;&lt;\\\/p&gt;&quot;,&quot;label&quot;:&quot;RUA DOS PESCADORES&quot;,&quot;fill&quot;:&quot;#e16a3c&quot;,&quot;category&quot;:&quot;locais&quot;},{&quot;title&quot;:&quot;Capela&quot;,&quot;id&quot;:&quot;capela&quot;,&quot;description&quot;:&quot;&lt;p&gt;&lt;span style=\\&quot;color: #ffffff;\\&quot;&gt;&lt;a style=\\&quot;color: #ffffff;\\&quot; href=\\&quot;https:\\\/\\\/www.catraia.pt\\\/programa\\\/curtas-ativistas-2\\\/\\&quot;&gt;Curtas ativistas&lt;\\\/a&gt;,\\u00a0&lt;a style=\\&quot;color: #ffffff;\\&quot; href=\\&quot;https:\\\/\\\/www.catraia.pt\\\/programa\\\/expressao-dramatica-2\\\/\\&quot;&gt;Express\\u00e3o Dram\\u00e1tica&lt;\\\/a&gt;,\\u00a0&lt;a style=\\&quot;color: #ffffff;\\&quot; href=\\&quot;https:\\\/\\\/www.catraia.pt\\\/programa\\\/skate-jam-cantafree-lucia-lima-som-sistema\\\/\\&quot;&gt;Skate Jam &amp;amp; Cantafree &amp;amp; Lucia Lima Som Sistema&lt;\\\/a&gt;&lt;\\\/span&gt;&lt;\\\/p&gt;&quot;,&quot;pin&quot;:&quot;pin-ribbon pin-label&quot;,&quot;label&quot;:&quot;CAPELA&quot;,&quot;fill&quot;:&quot;#e16a3c&quot;,&quot;action&quot;:&quot;default&quot;,&quot;zoom&quot;:&quot;0.95&quot;,&quot;x&quot;:&quot;0.5815&quot;,&quot;y&quot;:&quot;0.3652&quot;,&quot;level&quot;:&quot;praia-da-tocha&quot;,&quot;color&quot;:&quot;#e16a3c&quot;,&quot;category&quot;:&quot;programa,locais&quot;},{&quot;title&quot;:&quot;Rotunda do Barco&quot;,&quot;id&quot;:&quot;rbarco&quot;,&quot;pin&quot;:&quot;pin-ribbon pin-label&quot;,&quot;fill&quot;:&quot;#489b5a&quot;,&quot;action&quot;:&quot;default&quot;,&quot;zoom&quot;:&quot;0.8&quot;,&quot;hide&quot;:true,&quot;x&quot;:&quot;0.6200&quot;,&quot;y&quot;:&quot;0.5654&quot;,&quot;level&quot;:&quot;praia-da-tocha&quot;,&quot;color&quot;:&quot;#489b5a&quot;,&quot;label&quot;:&quot;ROTUNDA DO BARCO&quot;,&quot;category&quot;:&quot;programa&quot;},{&quot;title&quot;:&quot;Dunas&quot;,&quot;id&quot;:&quot;dunas&quot;,&quot;description&quot;:&quot;&lt;p&gt;&lt;span style=\\&quot;color: #ffffff;\\&quot;&gt;&lt;a style=\\&quot;color: #ffffff;\\&quot; href=\\&quot;https:\\\/\\\/www.catraia.pt\\\/programa\\\/isa-polvora\\\/\\&quot;&gt;Isa P\\u00f3lvora&lt;\\\/a&gt;&lt;a style=\\&quot;color: #ffffff;\\&quot; href=\\&quot;https:\\\/\\\/www.catraia.pt\\\/programa\\\/balskandal\\\/\\&quot;&gt;, &lt;\\\/a&gt;&lt;a style=\\&quot;color: #ffffff;\\&quot; href=\\&quot;https:\\\/\\\/www.catraia.pt\\\/programa\\\/pera-roxa\\\/\\&quot;&gt;P\\u00eara-Roxa&lt;\\\/a&gt; e &lt;a style=\\&quot;color: #ffffff;\\&quot; href=\\&quot;https:\\\/\\\/www.catraia.pt\\\/programa\\\/balskandal\\\/\\&quot;&gt;Balskandal&lt;\\\/a&gt;.&lt;\\\/span&gt;&lt;\\\/p&gt;&quot;,&quot;pin&quot;:&quot;pin-ribbon pin-label&quot;,&quot;label&quot;:&quot;DUNAS&quot;,&quot;fill&quot;:&quot;#e16a3c&quot;,&quot;action&quot;:&quot;default&quot;,&quot;zoom&quot;:&quot;0.95&quot;,&quot;x&quot;:&quot;0.7073&quot;,&quot;y&quot;:&quot;0.5025&quot;,&quot;level&quot;:&quot;praia-da-tocha&quot;,&quot;color&quot;:&quot;#e16a3c&quot;,&quot;category&quot;:&quot;programa&quot;},{&quot;title&quot;:&quot;Jardim do Mercado&quot;,&quot;id&quot;:&quot;jardimmercado&quot;,&quot;description&quot;:&quot;&lt;p&gt;&lt;span style=\\&quot;color: #ffffff;\\&quot;&gt;&lt;a style=\\&quot;color: #ffffff;\\&quot; href=\\&quot;https:\\\/\\\/www.catraia.pt\\\/programa\\\/o-lixo-dos-outros\\\/\\&quot;&gt;O lixo dos outros&lt;\\\/a&gt;,\\u00a0&lt;a style=\\&quot;color: #ffffff;\\&quot; href=\\&quot;https:\\\/\\\/www.catraia.pt\\\/programa\\\/mao-na-massa-2\\\/\\&quot;&gt;M\\u00e3o na massa&lt;\\\/a&gt;,\\u00a0&lt;a style=\\&quot;color: #ffffff;\\&quot; href=\\&quot;https:\\\/\\\/www.catraia.pt\\\/?post_type=eventos&amp;amp;p=9438\\&quot;&gt;Bordado tradicional&lt;\\\/a&gt;,\\u00a0&lt;a style=\\&quot;color: #ffffff;\\&quot; href=\\&quot;https:\\\/\\\/www.catraia.pt\\\/programa\\\/se-eu-fosse\\\/\\&quot;&gt;\\u201cSe eu fosse\\u2026\\u201d&lt;\\\/a&gt;,\\u00a0&lt;a style=\\&quot;color: #ffffff;\\&quot; href=\\&quot;https:\\\/\\\/www.catraia.pt\\\/programa\\\/lixo-de-uns-tesouro-de-outros\\\/\\&quot;&gt;Lixo de uns, Tesouro de outros&lt;\\\/a&gt;&lt;\\\/span&gt;&lt;\\\/p&gt;&quot;,&quot;pin&quot;:&quot;pin-ribbon pin-label&quot;,&quot;label&quot;:&quot;JARDIM DO MERCADO&quot;,&quot;fill&quot;:&quot;#d89fc2&quot;,&quot;category&quot;:&quot;programa&quot;,&quot;action&quot;:&quot;default&quot;,&quot;zoom&quot;:&quot;0.95&quot;,&quot;x&quot;:&quot;0.5977&quot;,&quot;y&quot;:&quot;0.5920&quot;,&quot;level&quot;:&quot;praia-da-tocha&quot;,&quot;color&quot;:&quot;#d89fc2&quot;},{&quot;title&quot;:&quot;Parque das Merendas&quot;,&quot;id&quot;:&quot;parquemerendas&quot;,&quot;pin&quot;:&quot;pin-ribbon pin-label&quot;,&quot;label&quot;:&quot;PARQUE DAS MERENDAS&quot;,&quot;fill&quot;:&quot;#489b5a&quot;,&quot;category&quot;:&quot;locais&quot;,&quot;action&quot;:&quot;default&quot;,&quot;zoom&quot;:&quot;0.95&quot;,&quot;x&quot;:&quot;0.6714&quot;,&quot;y&quot;:&quot;0.4390&quot;,&quot;level&quot;:&quot;praia-da-tocha&quot;,&quot;color&quot;:&quot;#489b5a&quot;},{&quot;title&quot;:&quot;Lota dos Pescadores&quot;,&quot;id&quot;:&quot;lotapescadores&quot;,&quot;description&quot;:&quot;&lt;p&gt;&lt;span style=\\&quot;color: #ffffff;\\&quot;&gt;&lt;a style=\\&quot;color: #ffffff;\\&quot; href=\\&quot;https:\\\/\\\/www.catraia.pt\\\/programa\\\/a-mulher-do-mar\\\/\\&quot;&gt;\\u201cA mulher do mar\\u201d&lt;\\\/a&gt;,\\u00a0&lt;a style=\\&quot;color: #ffffff;\\&quot; href=\\&quot;https:\\\/\\\/www.catraia.pt\\\/programa\\\/almocar-com-os-pescadores\\\/\\&quot;&gt;Almo\\u00e7ar com os pescadores&lt;\\\/a&gt;&lt;\\\/span&gt;&lt;\\\/p&gt;&quot;,&quot;pin&quot;:&quot;pin-ribbon pin-label&quot;,&quot;label&quot;:&quot;LOTA DOS PESCADORES&quot;,&quot;fill&quot;:&quot;#d89fc2&quot;,&quot;category&quot;:&quot;workshops,bemestar&quot;,&quot;action&quot;:&quot;default&quot;,&quot;zoom&quot;:&quot;0.95&quot;,&quot;x&quot;:&quot;0.5282&quot;,&quot;y&quot;:&quot;0.2745&quot;,&quot;level&quot;:&quot;praia-da-tocha&quot;,&quot;color&quot;:&quot;#d89fc2&quot;},{&quot;title&quot;:&quot;Avenida da Praia&quot;,&quot;id&quot;:&quot;avenidapraia&quot;,&quot;description&quot;:&quot;&lt;p&gt;&lt;span style=\\&quot;color: #ffffff;\\&quot;&gt;&lt;a style=\\&quot;color: #ffffff;\\&quot; href=\\&quot;https:\\\/\\\/www.catraia.pt\\\/programa\\\/mostra-de-musica\\\/\\&quot;&gt;Mostra de M\\u00fasica&lt;\\\/a&gt;,\\u00a0&lt;a style=\\&quot;color: #ffffff;\\&quot; href=\\&quot;https:\\\/\\\/www.catraia.pt\\\/programa\\\/nem-tudo-o-que-vem-a-rede-e-peixe\\\/\\&quot;&gt;\\u201cNem tudo o que vem \\u00e0 rede \\u00e9 peixe\\u201d&lt;\\\/a&gt;,\\u00a0&lt;a style=\\&quot;color: #ffffff;\\&quot; href=\\&quot;https:\\\/\\\/www.catraia.pt\\\/programa\\\/instalacao-colaborativa\\\/\\&quot;&gt;Instala\\u00e7\\u00e3o colaborativa&lt;\\\/a&gt;&lt;\\\/span&gt;&lt;\\\/p&gt;&quot;,&quot;pin&quot;:&quot;pin-ribbon pin-label&quot;,&quot;label&quot;:&quot;AVENIDA DA PRAIA&quot;,&quot;fill&quot;:&quot;#2253a0&quot;,&quot;action&quot;:&quot;default&quot;,&quot;x&quot;:&quot;0.5172&quot;,&quot;y&quot;:&quot;0.3416&quot;,&quot;level&quot;:&quot;praia-da-tocha&quot;,&quot;color&quot;:&quot;#2253a0&quot;,&quot;zoom&quot;:&quot;0.95&quot;,&quot;category&quot;:&quot;locais&quot;},{&quot;title&quot;:&quot;Rua Cordeiros do Mar&quot;,&quot;id&quot;:&quot;rcordeirosmar&quot;,&quot;pin&quot;:&quot;pin-ribbon pin-label&quot;,&quot;label&quot;:&quot;RUA CORDEIROS DO MAR&quot;,&quot;fill&quot;:&quot;#e16a3c&quot;,&quot;category&quot;:&quot;programa&quot;,&quot;action&quot;:&quot;default&quot;,&quot;zoom&quot;:&quot;0.95&quot;,&quot;x&quot;:&quot;0.5350&quot;,&quot;y&quot;:&quot;0.5218&quot;,&quot;level&quot;:&quot;praia-da-tocha&quot;,&quot;color&quot;:&quot;#e16a3c&quot;},{&quot;title&quot;:&quot;Ticket2Surf&quot;,&quot;id&quot;:&quot;t2f&quot;,&quot;pin&quot;:&quot;pin-ribbon pin-label&quot;,&quot;fill&quot;:&quot;#489b5a&quot;,&quot;action&quot;:&quot;default&quot;,&quot;zoom&quot;:&quot;0.8&quot;,&quot;hide&quot;:true,&quot;x&quot;:&quot;0.5909&quot;,&quot;y&quot;:&quot;0.5279&quot;,&quot;level&quot;:&quot;praia-da-tocha&quot;,&quot;color&quot;:&quot;#489b5a&quot;,&quot;description&quot;:&quot;&lt;p&gt;&lt;span style=\\&quot;color: #ffffff;\\&quot;&gt;&lt;a style=\\&quot;color: #ffffff;\\&quot; href=\\&quot;https:\\\/\\\/www.catraia.pt\\\/programa\\\/aula-de-yoga\\\/\\&quot;&gt;Aula de Yoga&lt;\\\/a&gt;,\\u00a0&lt;a style=\\&quot;color: #ffffff;\\&quot; href=\\&quot;https:\\\/\\\/www.catraia.pt\\\/programa\\\/batismo-de-surf-2\\\/\\&quot;&gt;Batismo de Surf&lt;\\\/a&gt;&lt;\\\/span&gt;&lt;\\\/p&gt;&quot;,&quot;label&quot;:&quot;T2F&quot;,&quot;category&quot;:&quot;programa&quot;},{&quot;title&quot;:&quot;ABPT&quot;,&quot;id&quot;:&quot;t2f&quot;,&quot;pin&quot;:&quot;pin-ribbon pin-label&quot;,&quot;fill&quot;:&quot;#489b5a&quot;,&quot;action&quot;:&quot;default&quot;,&quot;zoom&quot;:&quot;0.8&quot;,&quot;hide&quot;:true,&quot;x&quot;:&quot;0.5398&quot;,&quot;y&quot;:&quot;0.4468&quot;,&quot;level&quot;:&quot;praia-da-tocha&quot;,&quot;color&quot;:&quot;#489b5a&quot;,&quot;description&quot;:&quot;&lt;p&gt;&lt;span style=\\&quot;color: #ffffff;\\&quot;&gt;&lt;a style=\\&quot;color: #ffffff;\\&quot; href=\\&quot;https:\\\/\\\/www.catraia.pt\\\/programa\\\/bodyboard\\\/\\&quot;&gt;Bodyboard&lt;\\\/a&gt;&lt;\\\/span&gt;&lt;\\\/p&gt;&quot;,&quot;label&quot;:&quot;ABPT&quot;},{&quot;title&quot;:&quot;ABPT&quot;,&quot;id&quot;:&quot;abpt&quot;,&quot;pin&quot;:&quot;pin-ribbon pin-label&quot;,&quot;fill&quot;:&quot;#489b5a&quot;,&quot;action&quot;:&quot;default&quot;,&quot;zoom&quot;:&quot;0.95&quot;,&quot;hide&quot;:true,&quot;x&quot;:&quot;0.5178&quot;,&quot;y&quot;:&quot;0.4548&quot;,&quot;level&quot;:&quot;praia-da-tocha&quot;,&quot;color&quot;:&quot;#489b5a&quot;,&quot;description&quot;:&quot;&lt;p&gt;&lt;span style=\\&quot;color: #ffffff;\\&quot;&gt;&lt;a style=\\&quot;color: #ffffff;\\&quot; href=\\&quot;https:\\\/\\\/www.catraia.pt\\\/programa\\\/bodyboard\\\/\\&quot;&gt;Bodyboard&lt;\\\/a&gt;&lt;\\\/span&gt;&lt;\\\/p&gt;&quot;,&quot;label&quot;:&quot;ABPT&quot;,&quot;category&quot;:&quot;programa&quot;},{&quot;title&quot;:&quot;Palco Praia&quot;,&quot;id&quot;:&quot;palcopraia&quot;,&quot;pin&quot;:&quot;pin-ribbon pin-label&quot;,&quot;label&quot;:&quot;PALCO PRAIA&quot;,&quot;fill&quot;:&quot;#e16a3c&quot;,&quot;category&quot;:&quot;programa&quot;,&quot;action&quot;:&quot;default&quot;,&quot;zoom&quot;:&quot;0.95&quot;,&quot;x&quot;:&quot;0.4842&quot;,&quot;y&quot;:&quot;0.4952&quot;,&quot;level&quot;:&quot;praia-da-tocha&quot;,&quot;color&quot;:&quot;#e16a3c&quot;},{&quot;title&quot;:&quot;Mercado&quot;,&quot;id&quot;:&quot;mercado&quot;,&quot;pin&quot;:&quot;pin-ribbon pin-label&quot;,&quot;label&quot;:&quot;MERCADO&quot;,&quot;fill&quot;:&quot;#e16a3c&quot;,&quot;action&quot;:&quot;default&quot;,&quot;zoom&quot;:&quot;0.90&quot;,&quot;x&quot;:&quot;0.5751&quot;,&quot;y&quot;:&quot;0.5847&quot;,&quot;level&quot;:&quot;praia-da-tocha&quot;,&quot;color&quot;:&quot;#e16a3c&quot;,&quot;category&quot;:&quot;locais&quot;},{&quot;title&quot;:&quot;Multibanco Pol\\u00edcia&quot;,&quot;id&quot;:&quot;mb1&quot;,&quot;description&quot;:&quot;&lt;p&gt;No topo da Rua dos Pescadores, junto da &lt;a href=\\&quot;\\\/praia-da-tocha\\\/?location=policia\\&quot;&gt;Pol\\u00edcia&lt;\\\/a&gt;.&lt;\\\/p&gt;&quot;,&quot;pin&quot;:&quot;pin-square pin-sm&quot;,&quot;fill&quot;:&quot;#2253a0&quot;,&quot;action&quot;:&quot;default&quot;,&quot;zoom&quot;:&quot;0.88&quot;,&quot;x&quot;:&quot;0.5266&quot;,&quot;y&quot;:&quot;0.4874&quot;,&quot;level&quot;:&quot;praia-da-tocha&quot;,&quot;color&quot;:&quot;#2253a0&quot;,&quot;category&quot;:&quot;mb&quot;},{&quot;title&quot;:&quot;Pol\\u00edcia&quot;,&quot;id&quot;:&quot;policia&quot;,&quot;description&quot;:&quot;&lt;p&gt;No topo da Rua dos Pescadores, em dire\\u00e7\\u00e3o ao mar.&lt;\\\/p&gt;&quot;,&quot;pin&quot;:&quot;pin-sm&quot;,&quot;fill&quot;:&quot;#ef6b32&quot;,&quot;action&quot;:&quot;default&quot;,&quot;x&quot;:&quot;0.5208&quot;,&quot;y&quot;:&quot;0.4849&quot;,&quot;level&quot;:&quot;praia-da-tocha&quot;,&quot;color&quot;:&quot;#ef6b32&quot;},{&quot;title&quot;:&quot;CIAX&quot;,&quot;id&quot;:&quot;ciax&quot;,&quot;pin&quot;:&quot;pin-pulse pin-label&quot;,&quot;fill&quot;:&quot;#d89fc2&quot;,&quot;action&quot;:&quot;default&quot;,&quot;zoom&quot;:&quot;0.88&quot;,&quot;x&quot;:&quot;0.5146&quot;,&quot;y&quot;:&quot;0.4783&quot;,&quot;level&quot;:&quot;praia-da-tocha&quot;,&quot;color&quot;:&quot;#d89fc2&quot;},{&quot;title&quot;:&quot;Multibanco Mercado&quot;,&quot;id&quot;:&quot;mb2&quot;,&quot;description&quot;:&quot;&lt;p&gt;No mercado.&lt;\\\/p&gt;&quot;,&quot;pin&quot;:&quot;pin-square pin-sm&quot;,&quot;fill&quot;:&quot;#2253a0&quot;,&quot;action&quot;:&quot;default&quot;,&quot;zoom&quot;:&quot;0.88&quot;,&quot;x&quot;:&quot;0.5608&quot;,&quot;y&quot;:&quot;0.6047&quot;,&quot;level&quot;:&quot;praia-da-tocha&quot;,&quot;color&quot;:&quot;#2253a0&quot;,&quot;category&quot;:&quot;mb&quot;},{&quot;title&quot;:&quot;Multibanco Campismo&quot;,&quot;id&quot;:&quot;mb3&quot;,&quot;description&quot;:&quot;&lt;p&gt;Dispon\\u00edvel durante o funcionamento da rece\\u00e7\\u00e3o do parque de campismo.\\u00a0&lt;\\\/p&gt;&quot;,&quot;pin&quot;:&quot;pin-square pin-sm&quot;,&quot;fill&quot;:&quot;#2253a0&quot;,&quot;action&quot;:&quot;default&quot;,&quot;zoom&quot;:&quot;0.88&quot;,&quot;x&quot;:&quot;0.6346&quot;,&quot;y&quot;:&quot;0.6095&quot;,&quot;level&quot;:&quot;praia-da-tocha&quot;,&quot;color&quot;:&quot;#2253a0&quot;,&quot;category&quot;:&quot;mb&quot;},{&quot;title&quot;:&quot;Parque de Campismo&quot;,&quot;id&quot;:&quot;campismo&quot;,&quot;description&quot;:&quot;&lt;p&gt;Rua dos Pescadores Nossa Senhora da Tocha&lt;br \\\/&gt;3060-691 Praia da Tocha \\u2013 Cantanhede&lt;\\\/p&gt;&lt;p&gt;TELEFONE&lt;br \\\/&gt;+351 231 442 220&lt;br \\\/&gt;(Chamada para rede fixa nacional)&lt;\\\/p&gt;&lt;p&gt;926 580 192&lt;br \\\/&gt;(Chamada para rede m\\u00f3vel nacional)&lt;\\\/p&gt;&lt;p&gt;EMAIL&lt;br \\\/&gt;campingpraiadatocha@gmail.com&lt;\\\/p&gt;&quot;,&quot;pin&quot;:&quot;pin-ribbon pin-label&quot;,&quot;label&quot;:&quot;CAMPISMO&quot;,&quot;fill&quot;:&quot;#e16a3c&quot;,&quot;action&quot;:&quot;default&quot;,&quot;zoom&quot;:&quot;0.95&quot;,&quot;x&quot;:&quot;0.6323&quot;,&quot;y&quot;:&quot;0.6319&quot;,&quot;level&quot;:&quot;praia-da-tocha&quot;,&quot;color&quot;:&quot;#e16a3c&quot;,&quot;category&quot;:&quot;locais&quot;},{&quot;title&quot;:&quot;WC&quot;,&quot;id&quot;:&quot;wc&quot;,&quot;pin&quot;:&quot;pin-ribbon pin-label&quot;,&quot;label&quot;:&quot;WC&quot;,&quot;fill&quot;:&quot;#2253a0&quot;,&quot;category&quot;:&quot;wc&quot;,&quot;action&quot;:&quot;default&quot;,&quot;zoom&quot;:&quot;0.89&quot;,&quot;x&quot;:&quot;0.5402&quot;,&quot;y&quot;:&quot;0.4722&quot;,&quot;level&quot;:&quot;praia-da-tocha&quot;,&quot;color&quot;:&quot;#2253a0&quot;},{&quot;title&quot;:&quot;WC&quot;,&quot;id&quot;:&quot;wc1&quot;,&quot;pin&quot;:&quot;pin-ribbon pin-label&quot;,&quot;label&quot;:&quot;WC&quot;,&quot;fill&quot;:&quot;#2253a0&quot;,&quot;category&quot;:&quot;wc&quot;,&quot;action&quot;:&quot;default&quot;,&quot;zoom&quot;:&quot;0.89&quot;,&quot;x&quot;:&quot;0.5059&quot;,&quot;y&quot;:&quot;0.4583&quot;,&quot;level&quot;:&quot;praia-da-tocha&quot;,&quot;color&quot;:&quot;#2253a0&quot;},{&quot;title&quot;:&quot;WC&quot;,&quot;id&quot;:&quot;wc2&quot;,&quot;pin&quot;:&quot;pin-ribbon pin-label&quot;,&quot;label&quot;:&quot;WC&quot;,&quot;fill&quot;:&quot;#2253a0&quot;,&quot;category&quot;:&quot;wc&quot;,&quot;action&quot;:&quot;default&quot;,&quot;zoom&quot;:&quot;0.89&quot;,&quot;x&quot;:&quot;0.5596&quot;,&quot;y&quot;:&quot;0.5992&quot;,&quot;level&quot;:&quot;praia-da-tocha&quot;,&quot;color&quot;:&quot;#2253a0&quot;},{&quot;title&quot;:&quot;Capela&quot;,&quot;id&quot;:&quot;capela-park&quot;,&quot;pin&quot;:&quot;pin-square pin-label&quot;,&quot;label&quot;:&quot;P&quot;,&quot;fill&quot;:&quot;#2253a0&quot;,&quot;category&quot;:&quot;estacionamentos&quot;,&quot;action&quot;:&quot;default&quot;,&quot;zoom&quot;:&quot;0.88&quot;,&quot;x&quot;:&quot;0.5954&quot;,&quot;y&quot;:&quot;0.3834&quot;,&quot;level&quot;:&quot;praia-da-tocha&quot;,&quot;color&quot;:&quot;#2253a0&quot;},{&quot;title&quot;:&quot;Largo S. Jo\\u00e3o&quot;,&quot;id&quot;:&quot;sjoao-park&quot;,&quot;pin&quot;:&quot;pin-square pin-label&quot;,&quot;label&quot;:&quot;P&quot;,&quot;fill&quot;:&quot;#2253a0&quot;,&quot;category&quot;:&quot;estacionamentos&quot;,&quot;action&quot;:&quot;default&quot;,&quot;zoom&quot;:&quot;0.88&quot;,&quot;x&quot;:&quot;0.6145&quot;,&quot;y&quot;:&quot;0.4529&quot;,&quot;level&quot;:&quot;praia-da-tocha&quot;,&quot;color&quot;:&quot;#2253a0&quot;},{&quot;title&quot;:&quot;Parque Sul&quot;,&quot;id&quot;:&quot;sul-park&quot;,&quot;pin&quot;:&quot;pin-square pin-label&quot;,&quot;label&quot;:&quot;P&quot;,&quot;fill&quot;:&quot;#2253a0&quot;,&quot;action&quot;:&quot;default&quot;,&quot;zoom&quot;:&quot;0.88&quot;,&quot;x&quot;:&quot;0.5469&quot;,&quot;y&quot;:&quot;0.6566&quot;,&quot;level&quot;:&quot;praia-da-tocha&quot;,&quot;color&quot;:&quot;#2253a0&quot;,&quot;category&quot;:&quot;estacionamentos&quot;},{&quot;title&quot;:&quot;Parque das Merendas&quot;,&quot;id&quot;:&quot;merendas-park&quot;,&quot;pin&quot;:&quot;pin-square pin-label&quot;,&quot;label&quot;:&quot;P&quot;,&quot;fill&quot;:&quot;#2253a0&quot;,&quot;category&quot;:&quot;estacionamentos&quot;,&quot;action&quot;:&quot;default&quot;,&quot;zoom&quot;:&quot;0.88&quot;,&quot;x&quot;:&quot;0.6591&quot;,&quot;y&quot;:&quot;0.4710&quot;,&quot;level&quot;:&quot;praia-da-tocha&quot;,&quot;color&quot;:&quot;#2253a0&quot;},{&quot;title&quot;:&quot;Parque externo&quot;,&quot;id&quot;:&quot;ext-park&quot;,&quot;pin&quot;:&quot;pin-square pin-label&quot;,&quot;label&quot;:&quot;P&quot;,&quot;fill&quot;:&quot;#2253a0&quot;,&quot;category&quot;:&quot;estacionamentos&quot;,&quot;action&quot;:&quot;default&quot;,&quot;zoom&quot;:&quot;0.88&quot;,&quot;x&quot;:&quot;0.7066&quot;,&quot;y&quot;:&quot;0.6101&quot;,&quot;level&quot;:&quot;praia-da-tocha&quot;,&quot;color&quot;:&quot;#2253a0&quot;}]}\" data-height=\"600\"><\/div><\/div>\n\t\t\t\t\t\t<\/div>\n\t\t\t\t<\/div>\n\t\t\t\t<\/div>\n\t\t\t\t<div class=\"elementor-element elementor-element-3d78306 elementor-hidden-widescreen elementor-hidden-desktop elementor-hidden-tablet_extra elementor-hidden-tablet elementor-hidden-mobile elementor-widget elementor-widget-jet-listing-grid\" data-id=\"3d78306\" data-element_type=\"widget\" data-settings=\"{&quot;columns&quot;:&quot;4&quot;,&quot;columns_mobile&quot;:&quot;1&quot;}\" data-widget_type=\"jet-listing-grid.default\">\n\t\t\t\t<div class=\"elementor-widget-container\">\n\t\t\t\t\t<div class=\"jet-listing-grid jet-listing\"><div class=\"jet-listing-grid__items grid-col-desk-4 grid-col-tablet-4 grid-col-mobile-1 jet-listing-grid--11014 jet-listing-grid__masonry jet-equal-columns__wrapper\" data-masonry-grid-options=\"{&quot;columns&quot;:{&quot;desktop&quot;:4,&quot;tablet&quot;:4,&quot;mobile&quot;:1}}\" data-queried-id=\"10978|WP_Post\" data-nav=\"{&quot;enabled&quot;:false,&quot;type&quot;:null,&quot;more_el&quot;:null,&quot;query&quot;:[],&quot;widget_settings&quot;:{&quot;lisitng_id&quot;:11014,&quot;posts_num&quot;:50,&quot;columns&quot;:4,&quot;columns_tablet&quot;:4,&quot;columns_mobile&quot;:1,&quot;is_archive_template&quot;:&quot;&quot;,&quot;post_status&quot;:[&quot;publish&quot;],&quot;use_random_posts_num&quot;:&quot;&quot;,&quot;max_posts_num&quot;:9,&quot;not_found_message&quot;:&quot;No data was found&quot;,&quot;is_masonry&quot;:true,&quot;equal_columns_height&quot;:&quot;yes&quot;,&quot;use_load_more&quot;:&quot;&quot;,&quot;load_more_id&quot;:&quot;&quot;,&quot;load_more_type&quot;:&quot;click&quot;,&quot;load_more_offset&quot;:{&quot;unit&quot;:&quot;px&quot;,&quot;size&quot;:0,&quot;sizes&quot;:[]},&quot;use_custom_post_types&quot;:&quot;&quot;,&quot;custom_post_types&quot;:[],&quot;hide_widget_if&quot;:&quot;&quot;,&quot;carousel_enabled&quot;:&quot;&quot;,&quot;slides_to_scroll&quot;:&quot;1&quot;,&quot;arrows&quot;:&quot;true&quot;,&quot;arrow_icon&quot;:&quot;fa fa-angle-left&quot;,&quot;dots&quot;:&quot;&quot;,&quot;autoplay&quot;:&quot;true&quot;,&quot;pause_on_hover&quot;:&quot;true&quot;,&quot;autoplay_speed&quot;:5000,&quot;infinite&quot;:&quot;true&quot;,&quot;center_mode&quot;:&quot;&quot;,&quot;effect&quot;:&quot;slide&quot;,&quot;speed&quot;:500,&quot;inject_alternative_items&quot;:&quot;&quot;,&quot;injection_items&quot;:[],&quot;scroll_slider_enabled&quot;:&quot;&quot;,&quot;scroll_slider_on&quot;:[&quot;desktop&quot;,&quot;tablet&quot;,&quot;mobile&quot;],&quot;custom_query&quot;:false,&quot;custom_query_id&quot;:&quot;95&quot;,&quot;_element_id&quot;:&quot;&quot;}}\" data-page=\"1\" data-pages=\"1\" data-listing-source=\"posts\" data-listing-id=\"11014\" data-query-id=\"\"><div class=\"jet-listing-grid__item jet-listing-dynamic-post-13163 jet-equal-columns\" data-post-id=\"13163\" >\t\t<div data-elementor-type=\"jet-listing-items\" data-elementor-id=\"11014\" class=\"elementor elementor-11014\" data-elementor-post-type=\"jet-engine\">\n\t\t\t\t<div class=\"elementor-element elementor-element-3626a61 e-con-full e-flex e-con e-parent\" data-id=\"3626a61\" data-element_type=\"container\">\n\t\t\t\t<div class=\"elementor-element elementor-element-c2e775f elementor-widget elementor-widget-text-editor\" data-id=\"c2e775f\" data-element_type=\"widget\" data-widget_type=\"text-editor.default\">\n\t\t\t\t<div class=\"elementor-widget-container\">\n\t\t\t\t\t\t\t\t\tPetiscos&#038;Bolhas\t\t\t\t\t\t\t\t<\/div>\n\t\t\t\t<\/div>\n\t\t\t\t<div class=\"elementor-element elementor-element-97d71e4 elementor-widget elementor-widget-jet-listing-dynamic-field\" data-id=\"97d71e4\" data-element_type=\"widget\" data-widget_type=\"jet-listing-dynamic-field.default\">\n\t\t\t\t<div class=\"elementor-widget-container\">\n\t\t\t\t\t<div class=\"jet-listing jet-listing-dynamic-field display-inline\"><div class=\"jet-listing-dynamic-field__inline-wrap\"><span class=\"jet-listing-dynamic-field__content\"><div><span><a href=\"https:\/\/www.catraia.pt\/en\/programa\/marafada\/\">MARAFADA<\/a>, <\/span><span><a href=\"https:\/\/www.catraia.pt\/en\/programa\/lagryma\/\">LAGRYMA<\/a>, <\/span><span><a href=\"https:\/\/www.catraia.pt\/en\/programa\/french-grrls\/\">French Grrls<\/a><\/span><\/div><\/span><\/div><\/div>\t\t\t\t<\/div>\n\t\t\t\t<\/div>\n\t\t\t\t<\/div>\n\t\t\t\t<\/div>\n\t\t<\/div><div class=\"jet-listing-grid__item jet-listing-dynamic-post-12779 jet-equal-columns\" data-post-id=\"12779\" >\t\t<div data-elementor-type=\"jet-listing-items\" data-elementor-id=\"11014\" class=\"elementor elementor-11014\" data-elementor-post-type=\"jet-engine\">\n\t\t\t\t<div class=\"elementor-element elementor-element-3626a61 e-con-full e-flex e-con e-parent\" data-id=\"3626a61\" data-element_type=\"container\">\n\t\t\t\t<div class=\"elementor-element elementor-element-c2e775f elementor-widget elementor-widget-text-editor\" data-id=\"c2e775f\" data-element_type=\"widget\" data-widget_type=\"text-editor.default\">\n\t\t\t\t<div class=\"elementor-widget-container\">\n\t\t\t\t\t\t\t\t\tCIAX\t\t\t\t\t\t\t\t<\/div>\n\t\t\t\t<\/div>\n\t\t\t\t<div class=\"elementor-element elementor-element-97d71e4 elementor-widget elementor-widget-jet-listing-dynamic-field\" data-id=\"97d71e4\" data-element_type=\"widget\" data-widget_type=\"jet-listing-dynamic-field.default\">\n\t\t\t\t<div class=\"elementor-widget-container\">\n\t\t\t\t\t<div class=\"jet-listing jet-listing-dynamic-field display-inline\"><div class=\"jet-listing-dynamic-field__inline-wrap\"><span class=\"jet-listing-dynamic-field__content\"><div><span><a href=\"https:\/\/www.catraia.pt\/en\/programa\/oficina-de-lingua-gestual-portuguesa-andre-santos\/\">Oficina de L\u00edngua Gestual Portuguesa<\/a>, <\/span><span><a href=\"https:\/\/www.catraia.pt\/en\/programa\/kit-basico-saude-mental-para-criancas-manifestamente\/\">Kit b\u00e1sico de sa\u00fade mental para crian\u00e7as<\/a><\/span><\/div><\/span><\/div><\/div>\t\t\t\t<\/div>\n\t\t\t\t<\/div>\n\t\t\t\t<\/div>\n\t\t\t\t<\/div>\n\t\t<\/div><div class=\"jet-listing-grid__item jet-listing-dynamic-post-9511 jet-equal-columns\" data-post-id=\"9511\" >\t\t<div data-elementor-type=\"jet-listing-items\" data-elementor-id=\"11014\" class=\"elementor elementor-11014\" data-elementor-post-type=\"jet-engine\">\n\t\t\t\t<div class=\"elementor-element elementor-element-3626a61 e-con-full e-flex e-con e-parent\" data-id=\"3626a61\" data-element_type=\"container\">\n\t\t\t\t<div class=\"elementor-element elementor-element-c2e775f elementor-widget elementor-widget-text-editor\" data-id=\"c2e775f\" data-element_type=\"widget\" data-widget_type=\"text-editor.default\">\n\t\t\t\t<div class=\"elementor-widget-container\">\n\t\t\t\t\t\t\t\t\tTicket2Surf\t\t\t\t\t\t\t\t<\/div>\n\t\t\t\t<\/div>\n\t\t\t\t<div class=\"elementor-element elementor-element-97d71e4 elementor-widget elementor-widget-jet-listing-dynamic-field\" data-id=\"97d71e4\" data-element_type=\"widget\" data-widget_type=\"jet-listing-dynamic-field.default\">\n\t\t\t\t<div class=\"elementor-widget-container\">\n\t\t\t\t\t<div class=\"jet-listing jet-listing-dynamic-field display-inline\"><div class=\"jet-listing-dynamic-field__inline-wrap\"><span class=\"jet-listing-dynamic-field__content\"><div><span><a href=\"https:\/\/www.catraia.pt\/en\/programa\/aula-de-yoga-2\/\">Aula de Yoga<\/a>, <\/span><span><a href=\"https:\/\/www.catraia.pt\/en\/programa\/batismo-de-surf-3\/\">Batismo de Surf<\/a>, <\/span><span><a href=\"https:\/\/www.catraia.pt\/en\/programa\/aula-de-yoga\/\">Aula de Yoga<\/a>, <\/span><span><a href=\"https:\/\/www.catraia.pt\/en\/programa\/batismo-de-surf-2\/\">Batismo de Surf<\/a><\/span><\/div><\/span><\/div><\/div>\t\t\t\t<\/div>\n\t\t\t\t<\/div>\n\t\t\t\t<\/div>\n\t\t\t\t<\/div>\n\t\t<\/div><div class=\"jet-listing-grid__item jet-listing-dynamic-post-9507 jet-equal-columns\" data-post-id=\"9507\" >\t\t<div data-elementor-type=\"jet-listing-items\" data-elementor-id=\"11014\" class=\"elementor elementor-11014\" data-elementor-post-type=\"jet-engine\">\n\t\t\t\t<div class=\"elementor-element elementor-element-3626a61 e-con-full e-flex e-con e-parent\" data-id=\"3626a61\" data-element_type=\"container\">\n\t\t\t\t<div class=\"elementor-element elementor-element-c2e775f elementor-widget elementor-widget-text-editor\" data-id=\"c2e775f\" data-element_type=\"widget\" data-widget_type=\"text-editor.default\">\n\t\t\t\t<div class=\"elementor-widget-container\">\n\t\t\t\t\t\t\t\t\tABPT\t\t\t\t\t\t\t\t<\/div>\n\t\t\t\t<\/div>\n\t\t\t\t<div class=\"elementor-element elementor-element-97d71e4 elementor-widget elementor-widget-jet-listing-dynamic-field\" data-id=\"97d71e4\" data-element_type=\"widget\" data-widget_type=\"jet-listing-dynamic-field.default\">\n\t\t\t\t<div class=\"elementor-widget-container\">\n\t\t\t\t\t<div class=\"jet-listing jet-listing-dynamic-field display-inline\"><div class=\"jet-listing-dynamic-field__inline-wrap\"><span class=\"jet-listing-dynamic-field__content\"><div><span><a href=\"https:\/\/www.catraia.pt\/en\/programa\/aula-de-bodyboard\/\">Bodyboard<\/a>, <\/span><span><a href=\"https:\/\/www.catraia.pt\/en\/programa\/bodyboard\/\">Bodyboard<\/a><\/span><\/div><\/span><\/div><\/div>\t\t\t\t<\/div>\n\t\t\t\t<\/div>\n\t\t\t\t<\/div>\n\t\t\t\t<\/div>\n\t\t<\/div><div class=\"jet-listing-grid__item jet-listing-dynamic-post-9493 jet-equal-columns\" data-post-id=\"9493\" >\t\t<div data-elementor-type=\"jet-listing-items\" data-elementor-id=\"11014\" class=\"elementor elementor-11014\" data-elementor-post-type=\"jet-engine\">\n\t\t\t\t<div class=\"elementor-element elementor-element-3626a61 e-con-full e-flex e-con e-parent\" data-id=\"3626a61\" data-element_type=\"container\">\n\t\t\t\t<div class=\"elementor-element elementor-element-c2e775f elementor-widget elementor-widget-text-editor\" data-id=\"c2e775f\" data-element_type=\"widget\" data-widget_type=\"text-editor.default\">\n\t\t\t\t<div class=\"elementor-widget-container\">\n\t\t\t\t\t\t\t\t\tRua Cordeiros do Mar\t\t\t\t\t\t\t\t<\/div>\n\t\t\t\t<\/div>\n\t\t\t\t<div class=\"elementor-element elementor-element-97d71e4 elementor-widget elementor-widget-jet-listing-dynamic-field\" data-id=\"97d71e4\" data-element_type=\"widget\" data-widget_type=\"jet-listing-dynamic-field.default\">\n\t\t\t\t<div class=\"elementor-widget-container\">\n\t\t\t\t\t<div class=\"jet-listing jet-listing-dynamic-field display-inline\"><div class=\"jet-listing-dynamic-field__inline-wrap\"><span class=\"jet-listing-dynamic-field__content\"><div><span><a href=\"https:\/\/www.catraia.pt\/en\/programa\/pintura-de-mural\/\">Pintura de Mural<\/a><\/span><\/div><\/span><\/div><\/div>\t\t\t\t<\/div>\n\t\t\t\t<\/div>\n\t\t\t\t<\/div>\n\t\t\t\t<\/div>\n\t\t<\/div><div class=\"jet-listing-grid__item jet-listing-dynamic-post-9468 jet-equal-columns\" data-post-id=\"9468\" >\t\t<div data-elementor-type=\"jet-listing-items\" data-elementor-id=\"11014\" class=\"elementor elementor-11014\" data-elementor-post-type=\"jet-engine\">\n\t\t\t\t<div class=\"elementor-element elementor-element-3626a61 e-con-full e-flex e-con e-parent\" data-id=\"3626a61\" data-element_type=\"container\">\n\t\t\t\t<div class=\"elementor-element elementor-element-c2e775f elementor-widget elementor-widget-text-editor\" data-id=\"c2e775f\" data-element_type=\"widget\" data-widget_type=\"text-editor.default\">\n\t\t\t\t<div class=\"elementor-widget-container\">\n\t\t\t\t\t\t\t\t\tAvenida da Praia\t\t\t\t\t\t\t\t<\/div>\n\t\t\t\t<\/div>\n\t\t\t\t<div class=\"elementor-element elementor-element-97d71e4 elementor-widget elementor-widget-jet-listing-dynamic-field\" data-id=\"97d71e4\" data-element_type=\"widget\" data-widget_type=\"jet-listing-dynamic-field.default\">\n\t\t\t\t<div class=\"elementor-widget-container\">\n\t\t\t\t\t<div class=\"jet-listing jet-listing-dynamic-field display-inline\"><div class=\"jet-listing-dynamic-field__inline-wrap\"><span class=\"jet-listing-dynamic-field__content\"><div><span><a href=\"https:\/\/www.catraia.pt\/en\/programa\/feira-da-troca-3\/\">Feira da Troca<\/a>, <\/span><span><a href=\"https:\/\/www.catraia.pt\/en\/programa\/pintura-ao-vivo-filomena-neves\/\">Pintura ao Vivo<\/a>, <\/span><span><a href=\"https:\/\/www.catraia.pt\/en\/programa\/instalacao-arvore-pela-paz\/\">\u00c1rvore pela Paz<\/a>, <\/span><span><a href=\"https:\/\/www.catraia.pt\/en\/programa\/instalacao-10132-compotas-por-colectivo-zas\/\">&#8220;10132 compotas&#8221;<\/a>, <\/span><span><a href=\"https:\/\/www.catraia.pt\/en\/programa\/mostra-de-musica\/\">Mostra de M\u00fasica<\/a>, <\/span><span><a href=\"https:\/\/www.catraia.pt\/en\/programa\/nem-tudo-o-que-vem-a-rede-e-peixe\/\">&#8220;Nem tudo o que vem \u00e0 rede \u00e9 peixe&#8221;<\/a>, <\/span><span><a href=\"https:\/\/www.catraia.pt\/en\/programa\/instalacao-colaborativa\/\">Instala\u00e7\u00e3o colaborativa<\/a><\/span><\/div><\/span><\/div><\/div>\t\t\t\t<\/div>\n\t\t\t\t<\/div>\n\t\t\t\t<\/div>\n\t\t\t\t<\/div>\n\t\t<\/div><div class=\"jet-listing-grid__item jet-listing-dynamic-post-9451 jet-equal-columns\" data-post-id=\"9451\" >\t\t<div data-elementor-type=\"jet-listing-items\" data-elementor-id=\"11014\" class=\"elementor elementor-11014\" data-elementor-post-type=\"jet-engine\">\n\t\t\t\t<div class=\"elementor-element elementor-element-3626a61 e-con-full e-flex e-con e-parent\" data-id=\"3626a61\" data-element_type=\"container\">\n\t\t\t\t<div class=\"elementor-element elementor-element-c2e775f elementor-widget elementor-widget-text-editor\" data-id=\"c2e775f\" data-element_type=\"widget\" data-widget_type=\"text-editor.default\">\n\t\t\t\t<div class=\"elementor-widget-container\">\n\t\t\t\t\t\t\t\t\tLota dos Pescadores\t\t\t\t\t\t\t\t<\/div>\n\t\t\t\t<\/div>\n\t\t\t\t<div class=\"elementor-element elementor-element-97d71e4 elementor-widget elementor-widget-jet-listing-dynamic-field\" data-id=\"97d71e4\" data-element_type=\"widget\" data-widget_type=\"jet-listing-dynamic-field.default\">\n\t\t\t\t<div class=\"elementor-widget-container\">\n\t\t\t\t\t<div class=\"jet-listing jet-listing-dynamic-field display-inline\"><div class=\"jet-listing-dynamic-field__inline-wrap\"><span class=\"jet-listing-dynamic-field__content\"><div><span><a href=\"https:\/\/www.catraia.pt\/en\/programa\/almocar-com-os-pescadores-2\/\">Almo\u00e7ar com os pescadores<\/a>, <\/span><span><a href=\"https:\/\/www.catraia.pt\/en\/programa\/a-mulher-do-mar\/\">&#8220;A mulher do mar&#8221;<\/a>, <\/span><span><a href=\"https:\/\/www.catraia.pt\/en\/programa\/almocar-com-os-pescadores\/\">Almo\u00e7ar com os pescadores<\/a><\/span><\/div><\/span><\/div><\/div>\t\t\t\t<\/div>\n\t\t\t\t<\/div>\n\t\t\t\t<\/div>\n\t\t\t\t<\/div>\n\t\t<\/div><div class=\"jet-listing-grid__item jet-listing-dynamic-post-9447 jet-equal-columns\" data-post-id=\"9447\" >\t\t<div data-elementor-type=\"jet-listing-items\" data-elementor-id=\"11014\" class=\"elementor elementor-11014\" data-elementor-post-type=\"jet-engine\">\n\t\t\t\t<div class=\"elementor-element elementor-element-3626a61 e-con-full e-flex e-con e-parent\" data-id=\"3626a61\" data-element_type=\"container\">\n\t\t\t\t<div class=\"elementor-element elementor-element-c2e775f elementor-widget elementor-widget-text-editor\" data-id=\"c2e775f\" data-element_type=\"widget\" data-widget_type=\"text-editor.default\">\n\t\t\t\t<div class=\"elementor-widget-container\">\n\t\t\t\t\t\t\t\t\tParque das Merendas\t\t\t\t\t\t\t\t<\/div>\n\t\t\t\t<\/div>\n\t\t\t\t<div class=\"elementor-element elementor-element-97d71e4 elementor-widget elementor-widget-jet-listing-dynamic-field\" data-id=\"97d71e4\" data-element_type=\"widget\" data-widget_type=\"jet-listing-dynamic-field.default\">\n\t\t\t\t<div class=\"elementor-widget-container\">\n\t\t\t\t\t<div class=\"jet-listing jet-listing-dynamic-field display-inline\"><div class=\"jet-listing-dynamic-field__inline-wrap\"><span class=\"jet-listing-dynamic-field__content\"><\/span><\/div><\/div>\t\t\t\t<\/div>\n\t\t\t\t<\/div>\n\t\t\t\t<\/div>\n\t\t\t\t<\/div>\n\t\t<\/div><div class=\"jet-listing-grid__item jet-listing-dynamic-post-9430 jet-equal-columns\" data-post-id=\"9430\" >\t\t<div data-elementor-type=\"jet-listing-items\" data-elementor-id=\"11014\" class=\"elementor elementor-11014\" data-elementor-post-type=\"jet-engine\">\n\t\t\t\t<div class=\"elementor-element elementor-element-3626a61 e-con-full e-flex e-con e-parent\" data-id=\"3626a61\" data-element_type=\"container\">\n\t\t\t\t<div class=\"elementor-element elementor-element-c2e775f elementor-widget elementor-widget-text-editor\" data-id=\"c2e775f\" data-element_type=\"widget\" data-widget_type=\"text-editor.default\">\n\t\t\t\t<div class=\"elementor-widget-container\">\n\t\t\t\t\t\t\t\t\tAMPT\t\t\t\t\t\t\t\t<\/div>\n\t\t\t\t<\/div>\n\t\t\t\t<div class=\"elementor-element elementor-element-97d71e4 elementor-widget elementor-widget-jet-listing-dynamic-field\" data-id=\"97d71e4\" data-element_type=\"widget\" data-widget_type=\"jet-listing-dynamic-field.default\">\n\t\t\t\t<div class=\"elementor-widget-container\">\n\t\t\t\t\t<div class=\"jet-listing jet-listing-dynamic-field display-inline\"><div class=\"jet-listing-dynamic-field__inline-wrap\"><span class=\"jet-listing-dynamic-field__content\"><div><span><a href=\"https:\/\/www.catraia.pt\/en\/programa\/oficina-de-reparacao-de-bicicletas\/\">Oficina de Repara\u00e7\u00e3o de Bicicletas<\/a>, <\/span><span><a href=\"https:\/\/www.catraia.pt\/en\/programa\/almocar-com-os-produtores\/\">Almo\u00e7ar com os produtores<\/a>, <\/span><span><a href=\"https:\/\/www.catraia.pt\/en\/programa\/aula-de-pole-dance\/\">Aula de Pole Dance<\/a>, <\/span><span><a href=\"https:\/\/www.catraia.pt\/en\/programa\/escultura-rosageir\/\">Escultura<\/a>, <\/span><span><a href=\"https:\/\/www.catraia.pt\/en\/programa\/instalacao-agrupamento-de-escolas-gandara-mar\/\">Instala\u00e7\u00e3o Agrupamento de Escolas G\u00e2ndara Mar<\/a>, <\/span><span><a href=\"https:\/\/www.catraia.pt\/en\/programa\/trilho-da-alma-da-floresta-ao-mar\/\">Trilho da Alma: da floresta ao mar<\/a>, <\/span><span><a href=\"https:\/\/www.catraia.pt\/en\/programa\/trilho-dos-rapoleiros-coletivo-zas\/\">Trilho dos Rapoleiros<\/a>, <\/span><span><a href=\"https:\/\/www.catraia.pt\/en\/programa\/passeio-sonoro-2-luis-antero\/\">Passeio sonoro 2<\/a>, <\/span><span><a href=\"https:\/\/www.catraia.pt\/en\/programa\/passeio-sonoro-1-luis-antero\/\">Passeio sonoro 1<\/a>, <\/span><span><a href=\"https:\/\/www.catraia.pt\/en\/programa\/peddypaper-caca-a-verdade\/\">Peddypaper &#8220;Ca\u00e7a \u00e0 verdade&#8221;<\/a>, <\/span><span><a href=\"https:\/\/www.catraia.pt\/en\/programa\/hotel-de-insetos-do-mar-para-a-terra-morambiente\/\">Hotel de Insetos &#8211; do Mar para a Terra<\/a>, <\/span><span><a href=\"https:\/\/www.catraia.pt\/en\/programa\/plasticos-configurados\/\">&#8220;Pl\u00e1sticos configurados&#8221;<\/a>, <\/span><span><a href=\"https:\/\/www.catraia.pt\/en\/programa\/yoga-para-bebes\/\">Yoga para beb\u00e9s<\/a><\/span><\/div><\/span><\/div><\/div>\t\t\t\t<\/div>\n\t\t\t\t<\/div>\n\t\t\t\t<\/div>\n\t\t\t\t<\/div>\n\t\t<\/div><div class=\"jet-listing-grid__item jet-listing-dynamic-post-9426 jet-equal-columns\" data-post-id=\"9426\" >\t\t<div data-elementor-type=\"jet-listing-items\" data-elementor-id=\"11014\" class=\"elementor elementor-11014\" data-elementor-post-type=\"jet-engine\">\n\t\t\t\t<div class=\"elementor-element elementor-element-3626a61 e-con-full e-flex e-con e-parent\" data-id=\"3626a61\" data-element_type=\"container\">\n\t\t\t\t<div class=\"elementor-element elementor-element-c2e775f elementor-widget elementor-widget-text-editor\" data-id=\"c2e775f\" data-element_type=\"widget\" data-widget_type=\"text-editor.default\">\n\t\t\t\t<div class=\"elementor-widget-container\">\n\t\t\t\t\t\t\t\t\tJardim do Mercado\t\t\t\t\t\t\t\t<\/div>\n\t\t\t\t<\/div>\n\t\t\t\t<div class=\"elementor-element elementor-element-97d71e4 elementor-widget elementor-widget-jet-listing-dynamic-field\" data-id=\"97d71e4\" data-element_type=\"widget\" data-widget_type=\"jet-listing-dynamic-field.default\">\n\t\t\t\t<div class=\"elementor-widget-container\">\n\t\t\t\t\t<div class=\"jet-listing jet-listing-dynamic-field display-inline\"><div class=\"jet-listing-dynamic-field__inline-wrap\"><span class=\"jet-listing-dynamic-field__content\"><div><span><a href=\"https:\/\/www.catraia.pt\/en\/programa\/aula-de-pilates-2\/\">Aula de Pilates<\/a>, <\/span><span><a href=\"https:\/\/www.catraia.pt\/en\/programa\/terra-educa-3\/\">Terra Educa<\/a>, <\/span><span><a href=\"https:\/\/www.catraia.pt\/en\/programa\/saude-mental-da-a-costa\/\">Sa\u00fade mental d\u00e1 \u00e0 costa<\/a>, <\/span><span><a href=\"https:\/\/www.catraia.pt\/en\/programa\/aula-de-pilates-65\/\">Aula de Pilates +65<\/a>, <\/span><span><a href=\"https:\/\/www.catraia.pt\/en\/programa\/aula-de-pilates\/\">Aula de Pilates<\/a>, <\/span><span><a href=\"https:\/\/www.catraia.pt\/en\/programa\/aula-de-aikido\/\">Aula de Aikido<\/a>, <\/span><span><a href=\"https:\/\/www.catraia.pt\/en\/programa\/terra-educa-2\/\">Terra Educa<\/a><\/span><\/div><\/span><\/div><\/div>\t\t\t\t<\/div>\n\t\t\t\t<\/div>\n\t\t\t\t<\/div>\n\t\t\t\t<\/div>\n\t\t<\/div><div class=\"jet-listing-grid__item jet-listing-dynamic-post-9417 jet-equal-columns\" data-post-id=\"9417\" >\t\t<div data-elementor-type=\"jet-listing-items\" data-elementor-id=\"11014\" class=\"elementor elementor-11014\" data-elementor-post-type=\"jet-engine\">\n\t\t\t\t<div class=\"elementor-element elementor-element-3626a61 e-con-full e-flex e-con e-parent\" data-id=\"3626a61\" data-element_type=\"container\">\n\t\t\t\t<div class=\"elementor-element elementor-element-c2e775f elementor-widget elementor-widget-text-editor\" data-id=\"c2e775f\" data-element_type=\"widget\" data-widget_type=\"text-editor.default\">\n\t\t\t\t<div class=\"elementor-widget-container\">\n\t\t\t\t\t\t\t\t\tBiblioteca de Praia\t\t\t\t\t\t\t\t<\/div>\n\t\t\t\t<\/div>\n\t\t\t\t<div class=\"elementor-element elementor-element-97d71e4 elementor-widget elementor-widget-jet-listing-dynamic-field\" data-id=\"97d71e4\" data-element_type=\"widget\" data-widget_type=\"jet-listing-dynamic-field.default\">\n\t\t\t\t<div class=\"elementor-widget-container\">\n\t\t\t\t\t<div class=\"jet-listing jet-listing-dynamic-field display-inline\"><div class=\"jet-listing-dynamic-field__inline-wrap\"><span class=\"jet-listing-dynamic-field__content\"><div><span><a href=\"https:\/\/www.catraia.pt\/en\/programa\/surfriders\/\">The Ocean Needs More Friends<\/a>, <\/span><span><a href=\"https:\/\/www.catraia.pt\/en\/programa\/chi-kung-a-beira-mar\/\">Chi Kung \u00e0 beira-mar<\/a>, <\/span><span><a href=\"https:\/\/www.catraia.pt\/en\/programa\/arte-vilamar\/\">Arte VilaMar<\/a>, <\/span><span><a href=\"https:\/\/www.catraia.pt\/en\/programa\/faz-a-tua-banda-desenhada\/\">Faz a tua Banda Desenhada<\/a><\/span><\/div><\/span><\/div><\/div>\t\t\t\t<\/div>\n\t\t\t\t<\/div>\n\t\t\t\t<\/div>\n\t\t\t\t<\/div>\n\t\t<\/div><div class=\"jet-listing-grid__item jet-listing-dynamic-post-9416 jet-equal-columns\" data-post-id=\"9416\" >\t\t<div data-elementor-type=\"jet-listing-items\" data-elementor-id=\"11014\" class=\"elementor elementor-11014\" data-elementor-post-type=\"jet-engine\">\n\t\t\t\t<div class=\"elementor-element elementor-element-3626a61 e-con-full e-flex e-con e-parent\" data-id=\"3626a61\" data-element_type=\"container\">\n\t\t\t\t<div class=\"elementor-element elementor-element-c2e775f elementor-widget elementor-widget-text-editor\" data-id=\"c2e775f\" data-element_type=\"widget\" data-widget_type=\"text-editor.default\">\n\t\t\t\t<div class=\"elementor-widget-container\">\n\t\t\t\t\t\t\t\t\tJardim da AMPT\t\t\t\t\t\t\t\t<\/div>\n\t\t\t\t<\/div>\n\t\t\t\t<div class=\"elementor-element elementor-element-97d71e4 elementor-widget elementor-widget-jet-listing-dynamic-field\" data-id=\"97d71e4\" data-element_type=\"widget\" data-widget_type=\"jet-listing-dynamic-field.default\">\n\t\t\t\t<div class=\"elementor-widget-container\">\n\t\t\t\t\t<div class=\"jet-listing jet-listing-dynamic-field display-inline\"><div class=\"jet-listing-dynamic-field__inline-wrap\"><span class=\"jet-listing-dynamic-field__content\"><div><span><a href=\"https:\/\/www.catraia.pt\/en\/programa\/escuta-coletiva-amanhecer-em-gaza-fumaca\/\">Escuta coletiva: Amanhecer em Gaza<\/a>, <\/span><span><a href=\"https:\/\/www.catraia.pt\/en\/programa\/liberdade-sustentavel-feminismo-para-todos\/\">Liberdade Sustent\u00e1vel<\/a>, <\/span><span><a href=\"https:\/\/www.catraia.pt\/en\/programa\/oficina-de-fotobordado-as-memorias-da-minha-praia-filomena-neves\/\">&#8220;As mem\u00f3rias da minha praia&#8221;<\/a>, <\/span><span><a href=\"https:\/\/www.catraia.pt\/en\/programa\/catraios-em-movimento-helena-xavier-mediacao-cultural-e-artistica\/\">&#8220;Catraios em movimento&#8221;<\/a>, <\/span><span><a href=\"https:\/\/www.catraia.pt\/en\/programa\/o-lixo-dos-outros\/\">O lixo dos outros<\/a>, <\/span><span><a href=\"https:\/\/www.catraia.pt\/en\/programa\/mao-na-massa-2\/\">M\u00e3o na massa<\/a>, <\/span><span><a href=\"https:\/\/www.catraia.pt\/en\/programa\/se-eu-fosse\/\">&#8220;Se eu fosse&#8230;&#8221;<\/a>, <\/span><span><a href=\"https:\/\/www.catraia.pt\/en\/programa\/lixo-de-uns-tesouro-de-outros\/\">Lixo de uns, Tesouro de outros<\/a><\/span><\/div><\/span><\/div><\/div>\t\t\t\t<\/div>\n\t\t\t\t<\/div>\n\t\t\t\t<\/div>\n\t\t\t\t<\/div>\n\t\t<\/div><div class=\"jet-listing-grid__item jet-listing-dynamic-post-9415 jet-equal-columns\" data-post-id=\"9415\" >\t\t<div data-elementor-type=\"jet-listing-items\" data-elementor-id=\"11014\" class=\"elementor elementor-11014\" data-elementor-post-type=\"jet-engine\">\n\t\t\t\t<div class=\"elementor-element elementor-element-3626a61 e-con-full e-flex e-con e-parent\" data-id=\"3626a61\" data-element_type=\"container\">\n\t\t\t\t<div class=\"elementor-element elementor-element-c2e775f elementor-widget elementor-widget-text-editor\" data-id=\"c2e775f\" data-element_type=\"widget\" data-widget_type=\"text-editor.default\">\n\t\t\t\t<div class=\"elementor-widget-container\">\n\t\t\t\t\t\t\t\t\tCapela\t\t\t\t\t\t\t\t<\/div>\n\t\t\t\t<\/div>\n\t\t\t\t<div class=\"elementor-element elementor-element-97d71e4 elementor-widget elementor-widget-jet-listing-dynamic-field\" data-id=\"97d71e4\" data-element_type=\"widget\" data-widget_type=\"jet-listing-dynamic-field.default\">\n\t\t\t\t<div class=\"elementor-widget-container\">\n\t\t\t\t\t<div class=\"jet-listing jet-listing-dynamic-field display-inline\"><div class=\"jet-listing-dynamic-field__inline-wrap\"><span class=\"jet-listing-dynamic-field__content\"><div><span><a href=\"https:\/\/www.catraia.pt\/en\/programa\/curtas-ativistas-3\/\">Curtas ativistas<\/a>, <\/span><span><a href=\"https:\/\/www.catraia.pt\/en\/programa\/eco-movimento\/\">Eco-Movimento<\/a>, <\/span><span><a href=\"https:\/\/www.catraia.pt\/en\/programa\/oficina-teatro-introducao-ao-naturalismo-joao-tarrafa\/\">&#8220;Introdu\u00e7\u00e3o ao Naturalismo&#8221;<\/a>, <\/span><span><a href=\"https:\/\/www.catraia.pt\/en\/programa\/skate-jam-2\/\">SKATE JAM<\/a>, <\/span><span><a href=\"https:\/\/www.catraia.pt\/en\/programa\/curtas-ativistas-2\/\">Curtas ativistas<\/a>, <\/span><span><a href=\"https:\/\/www.catraia.pt\/en\/programa\/expressao-dramatica-2\/\">Express\u00e3o Dram\u00e1tica<\/a>, <\/span><span><a href=\"https:\/\/www.catraia.pt\/en\/programa\/skate-jam-cantafree-lucia-lima-som-sistema\/\">Skate Jam &#038; Cantafree &#038; Lucia Lima Som Sistema<\/a><\/span><\/div><\/span><\/div><\/div>\t\t\t\t<\/div>\n\t\t\t\t<\/div>\n\t\t\t\t<\/div>\n\t\t\t\t<\/div>\n\t\t<\/div><div class=\"jet-listing-grid__item jet-listing-dynamic-post-9414 jet-equal-columns\" data-post-id=\"9414\" >\t\t<div data-elementor-type=\"jet-listing-items\" data-elementor-id=\"11014\" class=\"elementor elementor-11014\" data-elementor-post-type=\"jet-engine\">\n\t\t\t\t<div class=\"elementor-element elementor-element-3626a61 e-con-full e-flex e-con e-parent\" data-id=\"3626a61\" data-element_type=\"container\">\n\t\t\t\t<div class=\"elementor-element elementor-element-c2e775f elementor-widget elementor-widget-text-editor\" data-id=\"c2e775f\" data-element_type=\"widget\" data-widget_type=\"text-editor.default\">\n\t\t\t\t<div class=\"elementor-widget-container\">\n\t\t\t\t\t\t\t\t\tLargo da Fonte\t\t\t\t\t\t\t\t<\/div>\n\t\t\t\t<\/div>\n\t\t\t\t<div class=\"elementor-element elementor-element-97d71e4 elementor-widget elementor-widget-jet-listing-dynamic-field\" data-id=\"97d71e4\" data-element_type=\"widget\" data-widget_type=\"jet-listing-dynamic-field.default\">\n\t\t\t\t<div class=\"elementor-widget-container\">\n\t\t\t\t\t<div class=\"jet-listing jet-listing-dynamic-field display-inline\"><div class=\"jet-listing-dynamic-field__inline-wrap\"><span class=\"jet-listing-dynamic-field__content\"><div><span><a href=\"https:\/\/www.catraia.pt\/en\/programa\/segredos-do-mare\/\">Segredos do &#8220;MARE&#8221;<\/a>, <\/span><span><a href=\"https:\/\/www.catraia.pt\/en\/programa\/instalacao-nem-tudo-o-que-vem-a-rede-e-peixe-por-rui-reigota\/\">Nem tudo o que vem \u00e0 rede \u00e9 peixe&#8221;<\/a>, <\/span><span><a href=\"https:\/\/www.catraia.pt\/en\/programa\/oficina-de-dabke-danca-pela-palestina-handala-dabke\/\">&#8220;Dan\u00e7a pela Palestina&#8221;<\/a>, <\/span><span><a href=\"https:\/\/www.catraia.pt\/en\/programa\/samba-da-restauracao\/\">Samba da Restaura\u00e7\u00e3o<\/a>, <\/span><span><a href=\"https:\/\/www.catraia.pt\/en\/programa\/disconaia-prova-de-vinhos-danaia\/\">DISCONAIA<\/a>, <\/span><span><a href=\"https:\/\/www.catraia.pt\/en\/programa\/gandra\/\">GAND&#8217;RA<\/a>, <\/span><span><a href=\"https:\/\/www.catraia.pt\/en\/programa\/mostra-de-musica-groovart\/\">Mostra de m\u00fasica Groov&#8217;art<\/a>, <\/span><span><a href=\"https:\/\/www.catraia.pt\/en\/programa\/plasticine\/\">PLASTICINE<\/a>, <\/span><span><a href=\"https:\/\/www.catraia.pt\/en\/programa\/rancho-associacao-1o-maio\/\">Rancho Associa\u00e7\u00e3o 1\u00ba Maio<\/a>, <\/span><span><a href=\"https:\/\/www.catraia.pt\/en\/programa\/emmycurl\/\">emmyCurl<\/a>, <\/span><span><a href=\"https:\/\/www.catraia.pt\/en\/programa\/criatura\/\">CRIATURA<\/a>, <\/span><span><a href=\"https:\/\/www.catraia.pt\/en\/programa\/berco-de-judas\/\">Ber\u00e7o de Judas<\/a>, <\/span><span><a href=\"https:\/\/www.catraia.pt\/en\/programa\/tomas-toscano-organ-trio\/\">Tomas Toscano Organ Trio<\/a>, <\/span><span><a href=\"https:\/\/www.catraia.pt\/en\/programa\/idiotheque\/\">Idiotheque<\/a>, <\/span><span><a href=\"https:\/\/www.catraia.pt\/en\/programa\/dani-rivera\/\">Dani Rivera<\/a>, <\/span><span><a href=\"https:\/\/www.catraia.pt\/en\/programa\/ecos-a-beira-mar\/\">&#8220;Eco(s) \u00e0 beira mar&#8221;<\/a>, <\/span><span><a href=\"https:\/\/www.catraia.pt\/en\/programa\/o-lavrador\/\">&#8220;O lavrador&#8221;<\/a>, <\/span><span><a href=\"https:\/\/www.catraia.pt\/en\/programa\/jardim-vertical-2\/\">Jardim Vertical<\/a>, <\/span><span><a href=\"https:\/\/www.catraia.pt\/en\/programa\/a-baleia-a-caravela-portuguesa\/\">&#8220;A baleia&#8221; &#038; &#8220;A Caravela portuguesa&#8221;<\/a>, <\/span><span><a href=\"https:\/\/www.catraia.pt\/en\/programa\/poe-um-pe-na-tradicao\/\">P\u00f5e um p\u00e9 na tradi\u00e7\u00e3o<\/a>, <\/span><span><a href=\"https:\/\/www.catraia.pt\/en\/programa\/disconaia\/\">Disconaia<\/a>, <\/span><span><a href=\"https:\/\/www.catraia.pt\/en\/programa\/la-tremenda-sonora\/\">La Tremenda Sonora<\/a>, <\/span><span><a href=\"https:\/\/www.catraia.pt\/en\/programa\/madu\/\">Madu<\/a>, <\/span><span><a href=\"https:\/\/www.catraia.pt\/en\/programa\/jose-pinhal-post-mortem-experience\/\">Jos\u00e9 Pinhal Post-Mortem Experience<\/a>, <\/span><span><a href=\"https:\/\/www.catraia.pt\/en\/programa\/miranda-trio\/\">Miranda Trio<\/a>, <\/span><span><a href=\"https:\/\/www.catraia.pt\/en\/programa\/pas-de-probleme\/\">P\u00e1s de Probl\u00e8me<\/a>, <\/span><span><a href=\"https:\/\/www.catraia.pt\/en\/programa\/wakadelics\/\">Wakadelics<\/a><\/span><\/div><\/span><\/div><\/div>\t\t\t\t<\/div>\n\t\t\t\t<\/div>\n\t\t\t\t<\/div>\n\t\t\t\t<\/div>\n\t\t<\/div><div class=\"jet-listing-grid__item jet-listing-dynamic-post-9413 jet-equal-columns\" data-post-id=\"9413\" >\t\t<div data-elementor-type=\"jet-listing-items\" data-elementor-id=\"11014\" class=\"elementor elementor-11014\" data-elementor-post-type=\"jet-engine\">\n\t\t\t\t<div class=\"elementor-element elementor-element-3626a61 e-con-full e-flex e-con e-parent\" data-id=\"3626a61\" data-element_type=\"container\">\n\t\t\t\t<div class=\"elementor-element elementor-element-c2e775f elementor-widget elementor-widget-text-editor\" data-id=\"c2e775f\" data-element_type=\"widget\" data-widget_type=\"text-editor.default\">\n\t\t\t\t<div class=\"elementor-widget-container\">\n\t\t\t\t\t\t\t\t\tRua dos Pescadores\t\t\t\t\t\t\t\t<\/div>\n\t\t\t\t<\/div>\n\t\t\t\t<div class=\"elementor-element elementor-element-97d71e4 elementor-widget elementor-widget-jet-listing-dynamic-field\" data-id=\"97d71e4\" data-element_type=\"widget\" data-widget_type=\"jet-listing-dynamic-field.default\">\n\t\t\t\t<div class=\"elementor-widget-container\">\n\t\t\t\t\t<div class=\"jet-listing jet-listing-dynamic-field display-inline\"><div class=\"jet-listing-dynamic-field__inline-wrap\"><span class=\"jet-listing-dynamic-field__content\"><div><span><a href=\"https:\/\/www.catraia.pt\/en\/programa\/feira-da-troca-2\/\">Feira da Troca<\/a>, <\/span><span><a href=\"https:\/\/www.catraia.pt\/en\/programa\/pintura-ao-vivo\/\">Pintura ao vivo<\/a>, <\/span><span><a href=\"https:\/\/www.catraia.pt\/en\/programa\/jogos-do-helder-2\/\">Jogos do H\u00e9lder<\/a><\/span><\/div><\/span><\/div><\/div>\t\t\t\t<\/div>\n\t\t\t\t<\/div>\n\t\t\t\t<\/div>\n\t\t\t\t<\/div>\n\t\t<\/div><\/div><\/div>\t\t\t\t<\/div>\n\t\t\t\t<\/div>\n\t\t\t\t<\/div>\n\t\t\t\t<\/div>","protected":false},"excerpt":{"rendered":"<p>Contactos Praia da Tocha Como chegar Praia da Tocha Aula de Yoga, Batismo de Surf, Aula de Yoga, Batismo de Surf Bodyboard, Bodyboard Pintura de Mural Feira da Troca, Pintura ao Vivo, \u00c1rvore pela Paz, &#8220;10132 compotas&#8221;, Mostra de M\u00fasica, &#8220;Nem tudo o que vem \u00e0 rede \u00e9 peixe&#8221;, Instala\u00e7\u00e3o colaborativa Almo\u00e7ar com os pescadores, [&hellip;]<\/p>","protected":false},"author":6,"featured_media":0,"parent":0,"menu_order":0,"comment_status":"closed","ping_status":"closed","template":"","meta":{"inline_featured_image":false,"footnotes":""},"class_list":["post-10978","page","type-page","status-publish","hentry"],"yoast_head":"<!-- This site is optimized with the Yoast SEO Premium plugin v24.7 (Yoast SEO v24.7) - https:\/\/yoast.com\/wordpress\/plugins\/seo\/ -->\n<title>Praia da Tocha - CATRAIA<\/title>\n<meta name=\"robots\" content=\"index, follow, max-snippet:-1, max-image-preview:large, max-video-preview:-1\" \/>\n<link rel=\"canonical\" href=\"https:\/\/www.catraia.pt\/en\/praia-da-tocha\/\" \/>\n<meta property=\"og:locale\" content=\"en_US\" \/>\n<meta property=\"og:type\" content=\"article\" \/>\n<meta property=\"og:title\" content=\"Praia da Tocha\" \/>\n<meta property=\"og:description\" content=\"Contactos Praia da Tocha Como chegar Praia da Tocha Aula de Yoga, Batismo de Surf, Aula de Yoga, Batismo de Surf Bodyboard, Bodyboard Pintura de Mural Feira da Troca, Pintura ao Vivo, \u00c1rvore pela Paz, &#8220;10132 compotas&#8221;, Mostra de M\u00fasica, &#8220;Nem tudo o que vem \u00e0 rede \u00e9 peixe&#8221;, Instala\u00e7\u00e3o colaborativa Almo\u00e7ar com os pescadores, [&hellip;]\" \/>\n<meta property=\"og:url\" content=\"https:\/\/www.catraia.pt\/en\/praia-da-tocha\/\" \/>\n<meta property=\"og:site_name\" content=\"CATRAIA\" \/>\n<meta property=\"article:modified_time\" content=\"2025-07-31T03:13:13+00:00\" \/>\n<meta name=\"twitter:card\" content=\"summary_large_image\" \/>\n<meta name=\"twitter:label1\" content=\"Est. reading time\" \/>\n\t<meta name=\"twitter:data1\" content=\"4 minutes\" \/>\n<script type=\"application\/ld+json\" class=\"yoast-schema-graph\">{\"@context\":\"https:\/\/schema.org\",\"@graph\":[{\"@type\":\"WebPage\",\"@id\":\"https:\/\/www.catraia.pt\/praia-da-tocha\/\",\"url\":\"https:\/\/www.catraia.pt\/praia-da-tocha\/\",\"name\":\"Praia da Tocha - CATRAIA\",\"isPartOf\":{\"@id\":\"https:\/\/www.catraia.pt\/#website\"},\"datePublished\":\"2024-08-17T03:00:02+00:00\",\"dateModified\":\"2025-07-31T03:13:13+00:00\",\"breadcrumb\":{\"@id\":\"https:\/\/www.catraia.pt\/praia-da-tocha\/#breadcrumb\"},\"inLanguage\":\"en-US\",\"potentialAction\":[{\"@type\":\"ReadAction\",\"target\":[\"https:\/\/www.catraia.pt\/praia-da-tocha\/\"]}]},{\"@type\":\"BreadcrumbList\",\"@id\":\"https:\/\/www.catraia.pt\/praia-da-tocha\/#breadcrumb\",\"itemListElement\":[{\"@type\":\"ListItem\",\"position\":1,\"name\":\"In\u00edcio\",\"item\":\"https:\/\/www.catraia.pt\/\"},{\"@type\":\"ListItem\",\"position\":2,\"name\":\"Praia da Tocha\"}]},{\"@type\":\"WebSite\",\"@id\":\"https:\/\/www.catraia.pt\/#website\",\"url\":\"https:\/\/www.catraia.pt\/\",\"name\":\"CATRAIA\",\"description\":\"A MAR\u00c9 DE ARTE SUSTENT\u00c1VEL\",\"publisher\":{\"@id\":\"https:\/\/www.catraia.pt\/#organization\"},\"potentialAction\":[{\"@type\":\"SearchAction\",\"target\":{\"@type\":\"EntryPoint\",\"urlTemplate\":\"https:\/\/www.catraia.pt\/?s={search_term_string}\"},\"query-input\":{\"@type\":\"PropertyValueSpecification\",\"valueRequired\":true,\"valueName\":\"search_term_string\"}}],\"inLanguage\":\"en-US\"},{\"@type\":\"Organization\",\"@id\":\"https:\/\/www.catraia.pt\/#organization\",\"name\":\"CATRAIA\",\"url\":\"https:\/\/www.catraia.pt\/\",\"logo\":{\"@type\":\"ImageObject\",\"inLanguage\":\"en-US\",\"@id\":\"https:\/\/www.catraia.pt\/#\/schema\/logo\/image\/\",\"url\":\"https:\/\/www.catraia.pt\/wp-content\/uploads\/2023\/03\/Group.svg\",\"contentUrl\":\"https:\/\/www.catraia.pt\/wp-content\/uploads\/2023\/03\/Group.svg\",\"width\":205,\"height\":46,\"caption\":\"CATRAIA\"},\"image\":{\"@id\":\"https:\/\/www.catraia.pt\/#\/schema\/logo\/image\/\"}}]}<\/script>\n<!-- \/ Yoast SEO Premium plugin. -->","yoast_head_json":{"title":"Praia da Tocha - CATRAIA","robots":{"index":"index","follow":"follow","max-snippet":"max-snippet:-1","max-image-preview":"max-image-preview:large","max-video-preview":"max-video-preview:-1"},"canonical":"https:\/\/www.catraia.pt\/en\/praia-da-tocha\/","og_locale":"en_US","og_type":"article","og_title":"Praia da Tocha","og_description":"Contactos Praia da Tocha Como chegar Praia da Tocha Aula de Yoga, Batismo de Surf, Aula de Yoga, Batismo de Surf Bodyboard, Bodyboard Pintura de Mural Feira da Troca, Pintura ao Vivo, \u00c1rvore pela Paz, &#8220;10132 compotas&#8221;, Mostra de M\u00fasica, &#8220;Nem tudo o que vem \u00e0 rede \u00e9 peixe&#8221;, Instala\u00e7\u00e3o colaborativa Almo\u00e7ar com os pescadores, [&hellip;]","og_url":"https:\/\/www.catraia.pt\/en\/praia-da-tocha\/","og_site_name":"CATRAIA","article_modified_time":"2025-07-31T03:13:13+00:00","twitter_card":"summary_large_image","twitter_misc":{"Est. reading time":"4 minutes"},"schema":{"@context":"https:\/\/schema.org","@graph":[{"@type":"WebPage","@id":"https:\/\/www.catraia.pt\/praia-da-tocha\/","url":"https:\/\/www.catraia.pt\/praia-da-tocha\/","name":"Praia da Tocha - CATRAIA","isPartOf":{"@id":"https:\/\/www.catraia.pt\/#website"},"datePublished":"2024-08-17T03:00:02+00:00","dateModified":"2025-07-31T03:13:13+00:00","breadcrumb":{"@id":"https:\/\/www.catraia.pt\/praia-da-tocha\/#breadcrumb"},"inLanguage":"en-US","potentialAction":[{"@type":"ReadAction","target":["https:\/\/www.catraia.pt\/praia-da-tocha\/"]}]},{"@type":"BreadcrumbList","@id":"https:\/\/www.catraia.pt\/praia-da-tocha\/#breadcrumb","itemListElement":[{"@type":"ListItem","position":1,"name":"In\u00edcio","item":"https:\/\/www.catraia.pt\/"},{"@type":"ListItem","position":2,"name":"Praia da Tocha"}]},{"@type":"WebSite","@id":"https:\/\/www.catraia.pt\/#website","url":"https:\/\/www.catraia.pt\/","name":"CATRAIA","description":"A MAR\u00c9 DE ARTE SUSTENT\u00c1VEL","publisher":{"@id":"https:\/\/www.catraia.pt\/#organization"},"potentialAction":[{"@type":"SearchAction","target":{"@type":"EntryPoint","urlTemplate":"https:\/\/www.catraia.pt\/?s={search_term_string}"},"query-input":{"@type":"PropertyValueSpecification","valueRequired":true,"valueName":"search_term_string"}}],"inLanguage":"en-US"},{"@type":"Organization","@id":"https:\/\/www.catraia.pt\/#organization","name":"CATRAIA","url":"https:\/\/www.catraia.pt\/","logo":{"@type":"ImageObject","inLanguage":"en-US","@id":"https:\/\/www.catraia.pt\/#\/schema\/logo\/image\/","url":"https:\/\/www.catraia.pt\/wp-content\/uploads\/2023\/03\/Group.svg","contentUrl":"https:\/\/www.catraia.pt\/wp-content\/uploads\/2023\/03\/Group.svg","width":205,"height":46,"caption":"CATRAIA"},"image":{"@id":"https:\/\/www.catraia.pt\/#\/schema\/logo\/image\/"}}]}},"_links":{"self":[{"href":"https:\/\/www.catraia.pt\/en\/wp-json\/wp\/v2\/pages\/10978","targetHints":{"allow":["GET"]}}],"collection":[{"href":"https:\/\/www.catraia.pt\/en\/wp-json\/wp\/v2\/pages"}],"about":[{"href":"https:\/\/www.catraia.pt\/en\/wp-json\/wp\/v2\/types\/page"}],"author":[{"embeddable":true,"href":"https:\/\/www.catraia.pt\/en\/wp-json\/wp\/v2\/users\/6"}],"replies":[{"embeddable":true,"href":"https:\/\/www.catraia.pt\/en\/wp-json\/wp\/v2\/comments?post=10978"}],"version-history":[{"count":94,"href":"https:\/\/www.catraia.pt\/en\/wp-json\/wp\/v2\/pages\/10978\/revisions"}],"predecessor-version":[{"id":12770,"href":"https:\/\/www.catraia.pt\/en\/wp-json\/wp\/v2\/pages\/10978\/revisions\/12770"}],"wp:attachment":[{"href":"https:\/\/www.catraia.pt\/en\/wp-json\/wp\/v2\/media?parent=10978"}],"curies":[{"name":"wp","href":"https:\/\/api.w.org\/{rel}","templated":true}]}}