{"id":3003,"date":"2023-07-01T00:22:27","date_gmt":"2023-07-01T00:22:27","guid":{"rendered":"https:\/\/www.catraia.pt\/?post_type=sponsors&#038;p=3003"},"modified":"2024-08-06T18:15:55","modified_gmt":"2024-08-06T18:15:55","slug":"lucia-lima","status":"publish","type":"sponsors","link":"https:\/\/www.catraia.pt\/en\/with\/lucia-lima\/","title":{"rendered":"L\u00facia-Lima Associa\u00e7\u00e3o Cultural"},"content":{"rendered":"<p>A L\u00facia- Lima Associa\u00e7\u00e3o Cultural foi fundada em 2021 (em plena pandemia), tem sede em Cadima, uma aldeia do munic\u00edpio de Cantanhede, pertence \u00e0 regi\u00e3o da G\u00e2ndara e tem os seus princ\u00edpios fortemente assentes na promo\u00e7\u00e3o e descentraliza\u00e7\u00e3o da cultura e da arte, no desenvolvimento auto-sustent\u00e1vel e na inser\u00e7\u00e3o transversal e inclusiva da comunidade local. Para o efeito tem desenvolvido diversas actividades no \u00e2mbito da concep\u00e7\u00e3o e realiza\u00e7\u00e3o de projectos culturais e art\u00edsticos, pedag\u00f3gicos, ambientais e agr\u00edcolas, estabelecendo la\u00e7os que permitem a pluridisciplinariedade e a valoriza\u00e7\u00e3o do patrim\u00f3nio gandar\u00eas, seja ele arquitect\u00f3nico, ambiental, hist\u00f3rico, sociocultural ou art\u00edstico, promovam a partilha e acesso das pessoas ao conhecimento no territ\u00f3rio e estimulem o di\u00e1logo em torno da cidadania e sustentabilidade entre os agentes e entidades culturais da regi\u00e3o. A L\u00facia-Lima pretende afirmar-se como um agente da mudan\u00e7a do amanh\u00e3, perante a uma necessidade real de igualdade de acesso \u00e0s artes, de preserva\u00e7\u00e3o do nosso patrim\u00f3nio imaterial, de valoriza\u00e7\u00e3o dos ecossistemas e de solu\u00e7\u00f5es inovadoras de desenvolvimento sustent\u00e1vel no nosso territ\u00f3rio.<\/p>\n","protected":false},"featured_media":0,"menu_order":0,"template":"","format":"standard","meta":{"inline_featured_image":false,"show_pic":"0","logo":"https:\/\/www.catraia.pt\/wp-content\/uploads\/2023\/07\/lucialima-redim.png","name":"L\u00daCIA-LIMA","photos":[],"external-url":"https:\/\/www.instagram.com\/lucialima.associacao\/","footnotes":""},"sponsor_level":[25],"sponsor_type":[61],"class_list":["post-3003","sponsors","type-sponsors","status-publish","format-standard","hentry","sponsor_level-25","sponsor_type-palco"],"yoast_head":"<!-- This site is optimized with the Yoast SEO Premium plugin v24.7 (Yoast SEO v24.7) - https:\/\/yoast.com\/wordpress\/plugins\/seo\/ -->\n<title>CATRAIA &amp; L\u00facia-Lima Associa\u00e7\u00e3o Cultural<\/title>\n<meta name=\"robots\" content=\"index, follow, max-snippet:-1, max-image-preview:large, max-video-preview:-1\" \/>\n<link rel=\"canonical\" href=\"https:\/\/www.catraia.pt\/en\/with\/lucia-lima\/\" \/>\n<meta property=\"og:locale\" content=\"en_US\" \/>\n<meta property=\"og:type\" content=\"article\" \/>\n<meta property=\"og:title\" content=\"L\u00facia-Lima Associa\u00e7\u00e3o Cultural\" \/>\n<meta property=\"og:description\" content=\"A L\u00facia- Lima Associa\u00e7\u00e3o Cultural foi fundada em 2021 (em plena pandemia), tem sede em Cadima, uma aldeia do munic\u00edpio de Cantanhede, pertence \u00e0 regi\u00e3o da G\u00e2ndara e tem os seus princ\u00edpios fortemente assentes na promo\u00e7\u00e3o e descentraliza\u00e7\u00e3o da cultura e da arte, no desenvolvimento auto-sustent\u00e1vel e na inser\u00e7\u00e3o transversal e inclusiva da comunidade local. [&hellip;]\" \/>\n<meta property=\"og:url\" content=\"https:\/\/www.catraia.pt\/en\/with\/lucia-lima\/\" \/>\n<meta property=\"og:site_name\" content=\"CATRAIA\" \/>\n<meta property=\"article:modified_time\" content=\"2024-08-06T18:15:55+00:00\" \/>\n<meta name=\"twitter:card\" content=\"summary_large_image\" \/>\n<meta name=\"twitter:label1\" content=\"Est. reading time\" \/>\n\t<meta name=\"twitter:data1\" content=\"1 minute\" \/>\n<script type=\"application\/ld+json\" class=\"yoast-schema-graph\">{\"@context\":\"https:\/\/schema.org\",\"@graph\":[{\"@type\":\"WebPage\",\"@id\":\"https:\/\/www.catraia.pt\/with\/lucia-lima\/\",\"url\":\"https:\/\/www.catraia.pt\/with\/lucia-lima\/\",\"name\":\"CATRAIA & L\u00facia-Lima Associa\u00e7\u00e3o Cultural\",\"isPartOf\":{\"@id\":\"https:\/\/www.catraia.pt\/#website\"},\"datePublished\":\"2023-07-01T00:22:27+00:00\",\"dateModified\":\"2024-08-06T18:15:55+00:00\",\"breadcrumb\":{\"@id\":\"https:\/\/www.catraia.pt\/with\/lucia-lima\/#breadcrumb\"},\"inLanguage\":\"en-US\",\"potentialAction\":[{\"@type\":\"ReadAction\",\"target\":[\"https:\/\/www.catraia.pt\/with\/lucia-lima\/\"]}]},{\"@type\":\"BreadcrumbList\",\"@id\":\"https:\/\/www.catraia.pt\/with\/lucia-lima\/#breadcrumb\",\"itemListElement\":[{\"@type\":\"ListItem\",\"position\":1,\"name\":\"In\u00edcio\",\"item\":\"https:\/\/www.catraia.pt\/\"},{\"@type\":\"ListItem\",\"position\":2,\"name\":\"Sponsors\",\"item\":\"https:\/\/www.catraia.pt\/with\/\"},{\"@type\":\"ListItem\",\"position\":3,\"name\":\"L\u00facia-Lima Associa\u00e7\u00e3o Cultural\"}]},{\"@type\":\"WebSite\",\"@id\":\"https:\/\/www.catraia.pt\/#website\",\"url\":\"https:\/\/www.catraia.pt\/\",\"name\":\"CATRAIA\",\"description\":\"A MAR\u00c9 DE ARTE SUSTENT\u00c1VEL\",\"publisher\":{\"@id\":\"https:\/\/www.catraia.pt\/#organization\"},\"potentialAction\":[{\"@type\":\"SearchAction\",\"target\":{\"@type\":\"EntryPoint\",\"urlTemplate\":\"https:\/\/www.catraia.pt\/?s={search_term_string}\"},\"query-input\":{\"@type\":\"PropertyValueSpecification\",\"valueRequired\":true,\"valueName\":\"search_term_string\"}}],\"inLanguage\":\"en-US\"},{\"@type\":\"Organization\",\"@id\":\"https:\/\/www.catraia.pt\/#organization\",\"name\":\"CATRAIA\",\"url\":\"https:\/\/www.catraia.pt\/\",\"logo\":{\"@type\":\"ImageObject\",\"inLanguage\":\"en-US\",\"@id\":\"https:\/\/www.catraia.pt\/#\/schema\/logo\/image\/\",\"url\":\"https:\/\/www.catraia.pt\/wp-content\/uploads\/2023\/03\/Group.svg\",\"contentUrl\":\"https:\/\/www.catraia.pt\/wp-content\/uploads\/2023\/03\/Group.svg\",\"width\":205,\"height\":46,\"caption\":\"CATRAIA\"},\"image\":{\"@id\":\"https:\/\/www.catraia.pt\/#\/schema\/logo\/image\/\"}}]}<\/script>\n<!-- \/ Yoast SEO Premium plugin. -->","yoast_head_json":{"title":"CATRAIA & L\u00facia-Lima Associa\u00e7\u00e3o Cultural","robots":{"index":"index","follow":"follow","max-snippet":"max-snippet:-1","max-image-preview":"max-image-preview:large","max-video-preview":"max-video-preview:-1"},"canonical":"https:\/\/www.catraia.pt\/en\/with\/lucia-lima\/","og_locale":"en_US","og_type":"article","og_title":"L\u00facia-Lima Associa\u00e7\u00e3o Cultural","og_description":"A L\u00facia- Lima Associa\u00e7\u00e3o Cultural foi fundada em 2021 (em plena pandemia), tem sede em Cadima, uma aldeia do munic\u00edpio de Cantanhede, pertence \u00e0 regi\u00e3o da G\u00e2ndara e tem os seus princ\u00edpios fortemente assentes na promo\u00e7\u00e3o e descentraliza\u00e7\u00e3o da cultura e da arte, no desenvolvimento auto-sustent\u00e1vel e na inser\u00e7\u00e3o transversal e inclusiva da comunidade local. [&hellip;]","og_url":"https:\/\/www.catraia.pt\/en\/with\/lucia-lima\/","og_site_name":"CATRAIA","article_modified_time":"2024-08-06T18:15:55+00:00","twitter_card":"summary_large_image","twitter_misc":{"Est. reading time":"1 minute"},"schema":{"@context":"https:\/\/schema.org","@graph":[{"@type":"WebPage","@id":"https:\/\/www.catraia.pt\/with\/lucia-lima\/","url":"https:\/\/www.catraia.pt\/with\/lucia-lima\/","name":"CATRAIA & L\u00facia-Lima Associa\u00e7\u00e3o Cultural","isPartOf":{"@id":"https:\/\/www.catraia.pt\/#website"},"datePublished":"2023-07-01T00:22:27+00:00","dateModified":"2024-08-06T18:15:55+00:00","breadcrumb":{"@id":"https:\/\/www.catraia.pt\/with\/lucia-lima\/#breadcrumb"},"inLanguage":"en-US","potentialAction":[{"@type":"ReadAction","target":["https:\/\/www.catraia.pt\/with\/lucia-lima\/"]}]},{"@type":"BreadcrumbList","@id":"https:\/\/www.catraia.pt\/with\/lucia-lima\/#breadcrumb","itemListElement":[{"@type":"ListItem","position":1,"name":"In\u00edcio","item":"https:\/\/www.catraia.pt\/"},{"@type":"ListItem","position":2,"name":"Sponsors","item":"https:\/\/www.catraia.pt\/with\/"},{"@type":"ListItem","position":3,"name":"L\u00facia-Lima Associa\u00e7\u00e3o Cultural"}]},{"@type":"WebSite","@id":"https:\/\/www.catraia.pt\/#website","url":"https:\/\/www.catraia.pt\/","name":"CATRAIA","description":"A MAR\u00c9 DE ARTE SUSTENT\u00c1VEL","publisher":{"@id":"https:\/\/www.catraia.pt\/#organization"},"potentialAction":[{"@type":"SearchAction","target":{"@type":"EntryPoint","urlTemplate":"https:\/\/www.catraia.pt\/?s={search_term_string}"},"query-input":{"@type":"PropertyValueSpecification","valueRequired":true,"valueName":"search_term_string"}}],"inLanguage":"en-US"},{"@type":"Organization","@id":"https:\/\/www.catraia.pt\/#organization","name":"CATRAIA","url":"https:\/\/www.catraia.pt\/","logo":{"@type":"ImageObject","inLanguage":"en-US","@id":"https:\/\/www.catraia.pt\/#\/schema\/logo\/image\/","url":"https:\/\/www.catraia.pt\/wp-content\/uploads\/2023\/03\/Group.svg","contentUrl":"https:\/\/www.catraia.pt\/wp-content\/uploads\/2023\/03\/Group.svg","width":205,"height":46,"caption":"CATRAIA"},"image":{"@id":"https:\/\/www.catraia.pt\/#\/schema\/logo\/image\/"}}]}},"_links":{"self":[{"href":"https:\/\/www.catraia.pt\/en\/wp-json\/wp\/v2\/sponsors\/3003","targetHints":{"allow":["GET"]}}],"collection":[{"href":"https:\/\/www.catraia.pt\/en\/wp-json\/wp\/v2\/sponsors"}],"about":[{"href":"https:\/\/www.catraia.pt\/en\/wp-json\/wp\/v2\/types\/sponsors"}],"version-history":[{"count":2,"href":"https:\/\/www.catraia.pt\/en\/wp-json\/wp\/v2\/sponsors\/3003\/revisions"}],"predecessor-version":[{"id":9399,"href":"https:\/\/www.catraia.pt\/en\/wp-json\/wp\/v2\/sponsors\/3003\/revisions\/9399"}],"wp:attachment":[{"href":"https:\/\/www.catraia.pt\/en\/wp-json\/wp\/v2\/media?parent=3003"}],"wp:term":[{"taxonomy":"sponsor_level","embeddable":true,"href":"https:\/\/www.catraia.pt\/en\/wp-json\/wp\/v2\/sponsor_level?post=3003"},{"taxonomy":"sponsor_type","embeddable":true,"href":"https:\/\/www.catraia.pt\/en\/wp-json\/wp\/v2\/sponsor_type?post=3003"}],"curies":[{"name":"wp","href":"https:\/\/api.w.org\/{rel}","templated":true}]}}